{"id":8614,"date":"2025-03-17T09:37:27","date_gmt":"2025-03-17T08:37:27","guid":{"rendered":"https:\/\/www.participativni-rozpocet.cz\/kolin\/?post_type=aktuality&#038;p=8614"},"modified":"2025-05-12T11:39:06","modified_gmt":"2025-05-12T09:39:06","slug":"upravili-jsme-pravidla","status":"publish","type":"aktuality","link":"https:\/\/www.participativni-rozpocet.cz\/kolin\/aktuality\/upravili-jsme-pravidla\/","title":{"rendered":"Upravili jsme pravidla"},"content":{"rendered":"<p>Pro 2. ro\u010dn\u00edk jsme v pravidlech participativn\u00edho rozpo\u010dtu ud\u011blali n\u011bkolik zm\u011bn. Hodn\u011b jsme o nich p\u0159em\u00fd\u0161leli. Zohlednili jsme Va\u0161e n\u00e1zory, ohlasy, v\u00fdtky a tak\u00e9 na\u0161e zku\u0161enosti z 1. ro\u010dn\u00edku.<\/p>\n<p>Kdy\u017e jsme s participativn\u00edm rozpo\u010dtem za\u010d\u00ednali, pom\u00e1hala n\u00e1m se v\u0161\u00edm (a tedy i s pravidly) <a href=\"https:\/\/www.agorace.cz\/\">Agora CE. <\/a>Vych\u00e1zela p\u0159i tom ze sv\u00e9 letit\u00e9 praxe v r\u016fzn\u00fdch m\u011bstech \u010cR. Nad p\u0159\u00edpravou 2. ro\u010dn\u00edku jsme se se\u0161li ji\u017e bez Agory a pou\u017eili p\u016fvodn\u00ed pravidla jako velice solidn\u00ed z\u00e1klad. Vyladili jsme jen n\u011bkter\u00e9 parametry, aby participativn\u00ed rozpo\u010det spr\u00e1vn\u011b fungoval \u2013 p\u0159in\u00e1\u0161el nov\u00e9 podn\u011bty a zm\u011bny do spole\u010dn\u00e9ho prostoru, zapojoval ob\u010dany do fungov\u00e1n\u00ed m\u011bsta, slou\u017eil pro komunikaci mezi ob\u010dany a radnic\u00ed a naopak.<\/p>\n<p><strong>Jak\u00e9 zm\u011bny jsme p\u0159ipravili?<\/strong><br \/>\nV pilotn\u00edm ro\u010dn\u00edku jsme narazili na fenom\u00e9n doj\u00ed\u017ed\u011bn\u00ed. Ve v\u0161edn\u00ed dny velk\u00e1 \u010d\u00e1st obyvatel Kol\u00edna odj\u00ed\u017ed\u00ed do jin\u00fdch m\u011bst za prac\u00ed nebo studiem. Sou\u010dasn\u011b do Kol\u00edna p\u0159ij\u00ed\u017ed\u00ed mnoho lid\u00ed, kte\u0159\u00ed zde tr\u00e1v\u00ed v\u011bt\u0161inu dne, i kdy\u017e tu nebydl\u00ed. Ob\u011b skupiny maj\u00ed o Kol\u00edn z\u00e1jem a vn\u00edmaj\u00ed ho jako sv\u016fj prostor. V 1. ro\u010dn\u00edku se doj\u00ed\u017ed\u011bj\u00edc\u00ed do Kol\u00edna zapojit nemohli, te\u010f se ov\u0161em situace m\u011bn\u00ed &#8211; ve 2. ro\u010dn\u00edku <strong>sv\u00e9 n\u00e1vrhy m\u016f\u017ee pos\u00edlat kdokoliv, kdo m\u00e1 ke Kol\u00ednu vztah<\/strong>.<\/p>\n<p>Tak\u00e9 jsme se rozhodli, \u017ee <strong>zv\u00fd\u0161\u00edme maxim\u00e1ln\u00ed \u010d\u00e1stku na 1 n\u00e1vrh<\/strong>, a to z 600 000,- na 700 000,- K\u010d. Chceme podpo\u0159it n\u00e1vrhy s v\u011bt\u0161\u00edm potenci\u00e1lem na zm\u011bnu a tak\u00e9 chceme vyrovnat inflaci, kter\u00e1 nastala jako d\u016fsledek covidov\u00e9ho st\u00e1tn\u00edho utr\u00e1cen\u00ed.<\/p>\n<p>Text nov\u00fdch pravidel uve\u0159ejn\u00edme brzy. (Od 10.4. jsou k dispozici <a href=\"https:\/\/drive.google.com\/file\/d\/1c0GgPKukpBugeoQxTxWH0AReh0x9m_EO\/view\">zde<\/a>.)<\/p>\n<p>\/foto severn\u00edho pil\u00ed\u0159e <a href=\"https:\/\/cs.wikipedia.org\/wiki\/Eiffelova_v%C4%9B%C5%BE\">Eiffelovy v\u011b\u017ee<\/a>\/<br \/>\n\/aktualizace p\u0159\u00edsp\u011bvku 2.5. EPo\/<\/p>\n","protected":false},"featured_media":8616,"menu_order":0,"comment_status":"open","ping_status":"closed","template":"","druhy_aktualit":[],"class_list":["post-8614","aktuality","type-aktuality","status-publish","has-post-thumbnail","hentry"],"acf":[],"yoast_head":"<!-- This site is optimized with the Yoast SEO plugin v24.2 - https:\/\/yoast.com\/wordpress\/plugins\/seo\/ -->\n<title>Upravili jsme pravidla - Kol\u00edn<\/title>\n<meta name=\"robots\" content=\"index, follow, max-snippet:-1, max-image-preview:large, max-video-preview:-1\" \/>\n<meta property=\"og:locale\" content=\"cs_CZ\" \/>\n<meta property=\"og:type\" content=\"article\" \/>\n<meta property=\"og:title\" content=\"Upravili jsme pravidla - Kol\u00edn\" \/>\n<meta property=\"og:description\" content=\"Pro 2. ro\u010dn\u00edk jsme v pravidlech participativn\u00edho rozpo\u010dtu ud\u011blali n\u011bkolik zm\u011bn. Hodn\u011b jsme o nich p\u0159em\u00fd\u0161leli. Zohlednili jsme Va\u0161e n\u00e1zory, ohlasy, v\u00fdtky a tak\u00e9 na\u0161e zku\u0161enosti z 1. ro\u010dn\u00edku. Kdy\u017e jsme s participativn\u00edm rozpo\u010dtem za\u010d\u00ednali, pom\u00e1hala n\u00e1m se v\u0161\u00edm (a tedy i s pravidly) Agora CE. Vych\u00e1zela p\u0159i tom ze sv\u00e9 letit\u00e9 praxe v r\u016fzn\u00fdch [&hellip;]\" \/>\n<meta property=\"og:url\" content=\"https:\/\/www.participativni-rozpocet.cz\/kolin\/aktuality\/upravili-jsme-pravidla\/\" \/>\n<meta property=\"og:site_name\" content=\"Kol\u00edn\" \/>\n<meta property=\"article:modified_time\" content=\"2025-05-12T09:39:06+00:00\" \/>\n<meta property=\"og:image\" content=\"https:\/\/www.participativni-rozpocet.cz\/kolin\/wp-content\/uploads\/sites\/60\/2025\/03\/Eifelka-pilir-scaled.jpeg\" \/>\n\t<meta property=\"og:image:width\" content=\"2560\" \/>\n\t<meta property=\"og:image:height\" content=\"1920\" \/>\n\t<meta property=\"og:image:type\" content=\"image\/jpeg\" \/>\n<meta name=\"twitter:card\" content=\"summary_large_image\" \/>\n<meta name=\"twitter:label1\" content=\"Odhadovan\u00e1 doba \u010dten\u00ed\" \/>\n\t<meta name=\"twitter:data1\" content=\"2 minuty\" \/>\n<script type=\"application\/ld+json\" class=\"yoast-schema-graph\">{\"@context\":\"https:\/\/schema.org\",\"@graph\":[{\"@type\":\"WebPage\",\"@id\":\"https:\/\/www.participativni-rozpocet.cz\/kolin\/aktuality\/upravili-jsme-pravidla\/\",\"url\":\"https:\/\/www.participativni-rozpocet.cz\/kolin\/aktuality\/upravili-jsme-pravidla\/\",\"name\":\"Upravili jsme pravidla - Kol\u00edn\",\"isPartOf\":{\"@id\":\"https:\/\/www.participativni-rozpocet.cz\/kolin\/#website\"},\"primaryImageOfPage\":{\"@id\":\"https:\/\/www.participativni-rozpocet.cz\/kolin\/aktuality\/upravili-jsme-pravidla\/#primaryimage\"},\"image\":{\"@id\":\"https:\/\/www.participativni-rozpocet.cz\/kolin\/aktuality\/upravili-jsme-pravidla\/#primaryimage\"},\"thumbnailUrl\":\"https:\/\/www.participativni-rozpocet.cz\/kolin\/wp-content\/uploads\/sites\/60\/2025\/03\/Eifelka-pilir-scaled.jpeg\",\"datePublished\":\"2025-03-17T08:37:27+00:00\",\"dateModified\":\"2025-05-12T09:39:06+00:00\",\"breadcrumb\":{\"@id\":\"https:\/\/www.participativni-rozpocet.cz\/kolin\/aktuality\/upravili-jsme-pravidla\/#breadcrumb\"},\"inLanguage\":\"cs\",\"potentialAction\":[{\"@type\":\"ReadAction\",\"target\":[\"https:\/\/www.participativni-rozpocet.cz\/kolin\/aktuality\/upravili-jsme-pravidla\/\"]}]},{\"@type\":\"ImageObject\",\"inLanguage\":\"cs\",\"@id\":\"https:\/\/www.participativni-rozpocet.cz\/kolin\/aktuality\/upravili-jsme-pravidla\/#primaryimage\",\"url\":\"https:\/\/www.participativni-rozpocet.cz\/kolin\/wp-content\/uploads\/sites\/60\/2025\/03\/Eifelka-pilir-scaled.jpeg\",\"contentUrl\":\"https:\/\/www.participativni-rozpocet.cz\/kolin\/wp-content\/uploads\/sites\/60\/2025\/03\/Eifelka-pilir-scaled.jpeg\",\"width\":2560,\"height\":1920},{\"@type\":\"BreadcrumbList\",\"@id\":\"https:\/\/www.participativni-rozpocet.cz\/kolin\/aktuality\/upravili-jsme-pravidla\/#breadcrumb\",\"itemListElement\":[{\"@type\":\"ListItem\",\"position\":1,\"name\":\"Dom\u016f\",\"item\":\"https:\/\/www.participativni-rozpocet.cz\/kolin\/\"},{\"@type\":\"ListItem\",\"position\":2,\"name\":\"Upravili jsme pravidla\"}]},{\"@type\":\"WebSite\",\"@id\":\"https:\/\/www.participativni-rozpocet.cz\/kolin\/#website\",\"url\":\"https:\/\/www.participativni-rozpocet.cz\/kolin\/\",\"name\":\"Kol\u00edn\",\"description\":\"Participativn\u00ed rozpo\u010det m\u011bsta\",\"publisher\":{\"@id\":\"https:\/\/www.participativni-rozpocet.cz\/kolin\/#organization\"},\"potentialAction\":[{\"@type\":\"SearchAction\",\"target\":{\"@type\":\"EntryPoint\",\"urlTemplate\":\"https:\/\/www.participativni-rozpocet.cz\/kolin\/?s={search_term_string}\"},\"query-input\":{\"@type\":\"PropertyValueSpecification\",\"valueRequired\":true,\"valueName\":\"search_term_string\"}}],\"inLanguage\":\"cs\"},{\"@type\":\"Organization\",\"@id\":\"https:\/\/www.participativni-rozpocet.cz\/kolin\/#organization\",\"name\":\"Kol\u00edn\",\"url\":\"https:\/\/www.participativni-rozpocet.cz\/kolin\/\",\"logo\":{\"@type\":\"ImageObject\",\"inLanguage\":\"cs\",\"@id\":\"https:\/\/www.participativni-rozpocet.cz\/kolin\/#\/schema\/logo\/image\/\",\"url\":\"https:\/\/www.participativni-rozpocet.cz\/kolin\/wp-content\/uploads\/sites\/60\/2023\/03\/cropped-logo_kolin-02.png\",\"contentUrl\":\"https:\/\/www.participativni-rozpocet.cz\/kolin\/wp-content\/uploads\/sites\/60\/2023\/03\/cropped-logo_kolin-02.png\",\"width\":4726,\"height\":1260,\"caption\":\"Kol\u00edn\"},\"image\":{\"@id\":\"https:\/\/www.participativni-rozpocet.cz\/kolin\/#\/schema\/logo\/image\/\"}}]}<\/script>\n<!-- \/ Yoast SEO plugin. -->","yoast_head_json":{"title":"Upravili jsme pravidla - Kol\u00edn","robots":{"index":"index","follow":"follow","max-snippet":"max-snippet:-1","max-image-preview":"max-image-preview:large","max-video-preview":"max-video-preview:-1"},"og_locale":"cs_CZ","og_type":"article","og_title":"Upravili jsme pravidla - Kol\u00edn","og_description":"Pro 2. ro\u010dn\u00edk jsme v pravidlech participativn\u00edho rozpo\u010dtu ud\u011blali n\u011bkolik zm\u011bn. Hodn\u011b jsme o nich p\u0159em\u00fd\u0161leli. Zohlednili jsme Va\u0161e n\u00e1zory, ohlasy, v\u00fdtky a tak\u00e9 na\u0161e zku\u0161enosti z 1. ro\u010dn\u00edku. Kdy\u017e jsme s participativn\u00edm rozpo\u010dtem za\u010d\u00ednali, pom\u00e1hala n\u00e1m se v\u0161\u00edm (a tedy i s pravidly) Agora CE. Vych\u00e1zela p\u0159i tom ze sv\u00e9 letit\u00e9 praxe v r\u016fzn\u00fdch [&hellip;]","og_url":"https:\/\/www.participativni-rozpocet.cz\/kolin\/aktuality\/upravili-jsme-pravidla\/","og_site_name":"Kol\u00edn","article_modified_time":"2025-05-12T09:39:06+00:00","og_image":[{"width":2560,"height":1920,"url":"https:\/\/www.participativni-rozpocet.cz\/kolin\/wp-content\/uploads\/sites\/60\/2025\/03\/Eifelka-pilir-scaled.jpeg","type":"image\/jpeg"}],"twitter_card":"summary_large_image","twitter_misc":{"Odhadovan\u00e1 doba \u010dten\u00ed":"2 minuty"},"schema":{"@context":"https:\/\/schema.org","@graph":[{"@type":"WebPage","@id":"https:\/\/www.participativni-rozpocet.cz\/kolin\/aktuality\/upravili-jsme-pravidla\/","url":"https:\/\/www.participativni-rozpocet.cz\/kolin\/aktuality\/upravili-jsme-pravidla\/","name":"Upravili jsme pravidla - Kol\u00edn","isPartOf":{"@id":"https:\/\/www.participativni-rozpocet.cz\/kolin\/#website"},"primaryImageOfPage":{"@id":"https:\/\/www.participativni-rozpocet.cz\/kolin\/aktuality\/upravili-jsme-pravidla\/#primaryimage"},"image":{"@id":"https:\/\/www.participativni-rozpocet.cz\/kolin\/aktuality\/upravili-jsme-pravidla\/#primaryimage"},"thumbnailUrl":"https:\/\/www.participativni-rozpocet.cz\/kolin\/wp-content\/uploads\/sites\/60\/2025\/03\/Eifelka-pilir-scaled.jpeg","datePublished":"2025-03-17T08:37:27+00:00","dateModified":"2025-05-12T09:39:06+00:00","breadcrumb":{"@id":"https:\/\/www.participativni-rozpocet.cz\/kolin\/aktuality\/upravili-jsme-pravidla\/#breadcrumb"},"inLanguage":"cs","potentialAction":[{"@type":"ReadAction","target":["https:\/\/www.participativni-rozpocet.cz\/kolin\/aktuality\/upravili-jsme-pravidla\/"]}]},{"@type":"ImageObject","inLanguage":"cs","@id":"https:\/\/www.participativni-rozpocet.cz\/kolin\/aktuality\/upravili-jsme-pravidla\/#primaryimage","url":"https:\/\/www.participativni-rozpocet.cz\/kolin\/wp-content\/uploads\/sites\/60\/2025\/03\/Eifelka-pilir-scaled.jpeg","contentUrl":"https:\/\/www.participativni-rozpocet.cz\/kolin\/wp-content\/uploads\/sites\/60\/2025\/03\/Eifelka-pilir-scaled.jpeg","width":2560,"height":1920},{"@type":"BreadcrumbList","@id":"https:\/\/www.participativni-rozpocet.cz\/kolin\/aktuality\/upravili-jsme-pravidla\/#breadcrumb","itemListElement":[{"@type":"ListItem","position":1,"name":"Dom\u016f","item":"https:\/\/www.participativni-rozpocet.cz\/kolin\/"},{"@type":"ListItem","position":2,"name":"Upravili jsme pravidla"}]},{"@type":"WebSite","@id":"https:\/\/www.participativni-rozpocet.cz\/kolin\/#website","url":"https:\/\/www.participativni-rozpocet.cz\/kolin\/","name":"Kol\u00edn","description":"Participativn\u00ed rozpo\u010det m\u011bsta","publisher":{"@id":"https:\/\/www.participativni-rozpocet.cz\/kolin\/#organization"},"potentialAction":[{"@type":"SearchAction","target":{"@type":"EntryPoint","urlTemplate":"https:\/\/www.participativni-rozpocet.cz\/kolin\/?s={search_term_string}"},"query-input":{"@type":"PropertyValueSpecification","valueRequired":true,"valueName":"search_term_string"}}],"inLanguage":"cs"},{"@type":"Organization","@id":"https:\/\/www.participativni-rozpocet.cz\/kolin\/#organization","name":"Kol\u00edn","url":"https:\/\/www.participativni-rozpocet.cz\/kolin\/","logo":{"@type":"ImageObject","inLanguage":"cs","@id":"https:\/\/www.participativni-rozpocet.cz\/kolin\/#\/schema\/logo\/image\/","url":"https:\/\/www.participativni-rozpocet.cz\/kolin\/wp-content\/uploads\/sites\/60\/2023\/03\/cropped-logo_kolin-02.png","contentUrl":"https:\/\/www.participativni-rozpocet.cz\/kolin\/wp-content\/uploads\/sites\/60\/2023\/03\/cropped-logo_kolin-02.png","width":4726,"height":1260,"caption":"Kol\u00edn"},"image":{"@id":"https:\/\/www.participativni-rozpocet.cz\/kolin\/#\/schema\/logo\/image\/"}}]}},"_links":{"self":[{"href":"https:\/\/www.participativni-rozpocet.cz\/kolin\/wp-json\/wp\/v2\/aktuality\/8614","targetHints":{"allow":["GET"]}}],"collection":[{"href":"https:\/\/www.participativni-rozpocet.cz\/kolin\/wp-json\/wp\/v2\/aktuality"}],"about":[{"href":"https:\/\/www.participativni-rozpocet.cz\/kolin\/wp-json\/wp\/v2\/types\/aktuality"}],"replies":[{"embeddable":true,"href":"https:\/\/www.participativni-rozpocet.cz\/kolin\/wp-json\/wp\/v2\/comments?post=8614"}],"wp:featuredmedia":[{"embeddable":true,"href":"https:\/\/www.participativni-rozpocet.cz\/kolin\/wp-json\/wp\/v2\/media\/8616"}],"wp:attachment":[{"href":"https:\/\/www.participativni-rozpocet.cz\/kolin\/wp-json\/wp\/v2\/media?parent=8614"}],"wp:term":[{"taxonomy":"druhy_aktualit","embeddable":true,"href":"https:\/\/www.participativni-rozpocet.cz\/kolin\/wp-json\/wp\/v2\/druhy_aktualit?post=8614"}],"curies":[{"name":"wp","href":"https:\/\/api.w.org\/{rel}","templated":true}]}}