{"id":7794,"date":"2025-11-18T12:39:45","date_gmt":"2025-11-18T11:39:45","guid":{"rendered":"https:\/\/www.participativni-rozpocet.cz\/kaplice\/?post_type=navrhy&#038;p=7794"},"modified":"2025-12-19T13:21:44","modified_gmt":"2025-12-19T12:21:44","slug":"komunitni-kontejner-kokon-klubovna-pro-deti-a-mladez","status":"publish","type":"navrhy","link":"https:\/\/www.participativni-rozpocet.cz\/kaplice\/navrhy\/komunitni-kontejner-kokon-klubovna-pro-deti-a-mladez\/","title":{"rendered":"Komunitn\u00ed kontejner \u201eKokon\u201c \u2013 klubovna pro d\u011bti a ml\u00e1de\u017e"},"featured_media":7790,"comment_status":"open","ping_status":"closed","template":"","meta":{"_acf_changed":false},"status_navrhu":[28],"rocnik":[84],"class_list":["post-7794","navrhy","type-navrhy","status-publish","has-post-thumbnail","hentry","status_navrhu-nerealizovatelne","rocnik-84"],"acf":[],"yoast_head":"<!-- This site is optimized with the Yoast SEO plugin v24.2 - https:\/\/yoast.com\/wordpress\/plugins\/seo\/ -->\n<title>Komunitn\u00ed kontejner \u201eKokon\u201c \u2013 klubovna pro d\u011bti a ml\u00e1de\u017e - Tvo\u0159\u00edme kaplicko<\/title>\n<meta name=\"robots\" content=\"index, follow, max-snippet:-1, max-image-preview:large, max-video-preview:-1\" \/>\n<meta property=\"og:locale\" content=\"cs_CZ\" \/>\n<meta property=\"og:type\" content=\"article\" \/>\n<meta property=\"og:title\" content=\"Komunitn\u00ed kontejner \u201eKokon\u201c \u2013 klubovna pro d\u011bti a ml\u00e1de\u017e - Tvo\u0159\u00edme kaplicko\" \/>\n<meta property=\"og:description\" content=\"Komunitn\u00ed kontejner \u201eKokon\u201c je multifunk\u010dn\u00ed, esteticky upraven\u00fd a bezpe\u010dn\u00fd kontejnerov\u00fd modul, kter\u00fd slou\u017e\u00ed jako otev\u0159en\u00e1 klubovna pro d\u011bti a mlad\u00e9 lidi. Um\u00edst\u011bn by byl na prostranstv\u00ed mezi Z\u0160 \u0160koln\u00ed a Z\u0160 Fantova, kde by poskytoval z\u00e1zem\u00ed b\u011bhem voln\u00fdch hodin mezi v\u00fdukou, odpoledn\u00edmi krou\u017eky \u010di sportovn\u00edmi aktivitami. Interi\u00e9r by byl vybaven modul\u00e1rn\u00edm n\u00e1bytkem, odpo\u010dinkovou z\u00f3nou, m\u00edstem pro nab\u00edjen\u00ed mobiln\u00edch telefon\u016f, drobn\u00fdmi didaktick\u00fdmi pom\u016fckami, spole\u010densk\u00fdmi hrami a p\u0159\u00edpadn\u011b mal\u00fdm pracovn\u00edm koutkem.\" \/>\n<meta property=\"og:url\" content=\"https:\/\/www.participativni-rozpocet.cz\/kaplice\/navrhy\/komunitni-kontejner-kokon-klubovna-pro-deti-a-mladez\/\" \/>\n<meta property=\"og:site_name\" content=\"Tvo\u0159\u00edme kaplicko\" \/>\n<meta property=\"article:modified_time\" content=\"2025-12-19T12:21:44+00:00\" \/>\n<meta property=\"og:image\" content=\"https:\/\/www.participativni-rozpocet.cz\/kaplice\/wp-content\/uploads\/sites\/63\/2025\/11\/Bez-nazvu-A2-na-sirku-1.jpg\" \/>\n\t<meta property=\"og:image:width\" content=\"2245\" \/>\n\t<meta property=\"og:image:height\" content=\"1587\" \/>\n\t<meta property=\"og:image:type\" content=\"image\/jpeg\" \/>\n<meta name=\"twitter:card\" content=\"summary_large_image\" \/>\n<script type=\"application\/ld+json\" class=\"yoast-schema-graph\">{\"@context\":\"https:\/\/schema.org\",\"@graph\":[{\"@type\":\"WebPage\",\"@id\":\"https:\/\/www.participativni-rozpocet.cz\/kaplice\/navrhy\/komunitni-kontejner-kokon-klubovna-pro-deti-a-mladez\/\",\"url\":\"https:\/\/www.participativni-rozpocet.cz\/kaplice\/navrhy\/komunitni-kontejner-kokon-klubovna-pro-deti-a-mladez\/\",\"name\":\"Komunitn\u00ed kontejner \u201eKokon\u201c \u2013 klubovna pro d\u011bti a ml\u00e1de\u017e - Tvo\u0159\u00edme kaplicko\",\"isPartOf\":{\"@id\":\"https:\/\/www.participativni-rozpocet.cz\/kaplice\/#website\"},\"primaryImageOfPage\":{\"@id\":\"https:\/\/www.participativni-rozpocet.cz\/kaplice\/navrhy\/komunitni-kontejner-kokon-klubovna-pro-deti-a-mladez\/#primaryimage\"},\"image\":{\"@id\":\"https:\/\/www.participativni-rozpocet.cz\/kaplice\/navrhy\/komunitni-kontejner-kokon-klubovna-pro-deti-a-mladez\/#primaryimage\"},\"thumbnailUrl\":\"https:\/\/www.participativni-rozpocet.cz\/kaplice\/wp-content\/uploads\/sites\/63\/2025\/11\/Bez-nazvu-A2-na-sirku-1.jpg\",\"datePublished\":\"2025-11-18T11:39:45+00:00\",\"dateModified\":\"2025-12-19T12:21:44+00:00\",\"breadcrumb\":{\"@id\":\"https:\/\/www.participativni-rozpocet.cz\/kaplice\/navrhy\/komunitni-kontejner-kokon-klubovna-pro-deti-a-mladez\/#breadcrumb\"},\"inLanguage\":\"cs\",\"potentialAction\":[{\"@type\":\"ReadAction\",\"target\":[\"https:\/\/www.participativni-rozpocet.cz\/kaplice\/navrhy\/komunitni-kontejner-kokon-klubovna-pro-deti-a-mladez\/\"]}]},{\"@type\":\"ImageObject\",\"inLanguage\":\"cs\",\"@id\":\"https:\/\/www.participativni-rozpocet.cz\/kaplice\/navrhy\/komunitni-kontejner-kokon-klubovna-pro-deti-a-mladez\/#primaryimage\",\"url\":\"https:\/\/www.participativni-rozpocet.cz\/kaplice\/wp-content\/uploads\/sites\/63\/2025\/11\/Bez-nazvu-A2-na-sirku-1.jpg\",\"contentUrl\":\"https:\/\/www.participativni-rozpocet.cz\/kaplice\/wp-content\/uploads\/sites\/63\/2025\/11\/Bez-nazvu-A2-na-sirku-1.jpg\",\"width\":2245,\"height\":1587},{\"@type\":\"BreadcrumbList\",\"@id\":\"https:\/\/www.participativni-rozpocet.cz\/kaplice\/navrhy\/komunitni-kontejner-kokon-klubovna-pro-deti-a-mladez\/#breadcrumb\",\"itemListElement\":[{\"@type\":\"ListItem\",\"position\":1,\"name\":\"Dom\u016f\",\"item\":\"https:\/\/www.participativni-rozpocet.cz\/kaplice\/\"},{\"@type\":\"ListItem\",\"position\":2,\"name\":\"N\u00e1vrhy\",\"item\":\"https:\/\/www.participativni-rozpocet.cz\/kaplice\/navrhy\/\"},{\"@type\":\"ListItem\",\"position\":3,\"name\":\"Komunitn\u00ed kontejner \u201eKokon\u201c \u2013 klubovna pro d\u011bti a ml\u00e1de\u017e\"}]},{\"@type\":\"WebSite\",\"@id\":\"https:\/\/www.participativni-rozpocet.cz\/kaplice\/#website\",\"url\":\"https:\/\/www.participativni-rozpocet.cz\/kaplice\/\",\"name\":\"Tvo\u0159\u00edme kaplicko\",\"description\":\"Participativn\u00ed rozpo\u010det\",\"publisher\":{\"@id\":\"https:\/\/www.participativni-rozpocet.cz\/kaplice\/#organization\"},\"potentialAction\":[{\"@type\":\"SearchAction\",\"target\":{\"@type\":\"EntryPoint\",\"urlTemplate\":\"https:\/\/www.participativni-rozpocet.cz\/kaplice\/?s={search_term_string}\"},\"query-input\":{\"@type\":\"PropertyValueSpecification\",\"valueRequired\":true,\"valueName\":\"search_term_string\"}}],\"inLanguage\":\"cs\"},{\"@type\":\"Organization\",\"@id\":\"https:\/\/www.participativni-rozpocet.cz\/kaplice\/#organization\",\"name\":\"Tvo\u0159\u00edme kaplicko\",\"url\":\"https:\/\/www.participativni-rozpocet.cz\/kaplice\/\",\"logo\":{\"@type\":\"ImageObject\",\"inLanguage\":\"cs\",\"@id\":\"https:\/\/www.participativni-rozpocet.cz\/kaplice\/#\/schema\/logo\/image\/\",\"url\":\"https:\/\/www.participativni-rozpocet.cz\/kaplice\/wp-content\/uploads\/sites\/63\/2024\/10\/logo_tvorime_kaplicko.svg\",\"contentUrl\":\"https:\/\/www.participativni-rozpocet.cz\/kaplice\/wp-content\/uploads\/sites\/63\/2024\/10\/logo_tvorime_kaplicko.svg\",\"width\":240,\"height\":101,\"caption\":\"Tvo\u0159\u00edme kaplicko\"},\"image\":{\"@id\":\"https:\/\/www.participativni-rozpocet.cz\/kaplice\/#\/schema\/logo\/image\/\"}}]}<\/script>\n<!-- \/ Yoast SEO plugin. -->","yoast_head_json":{"title":"Komunitn\u00ed kontejner \u201eKokon\u201c \u2013 klubovna pro d\u011bti a ml\u00e1de\u017e - Tvo\u0159\u00edme kaplicko","robots":{"index":"index","follow":"follow","max-snippet":"max-snippet:-1","max-image-preview":"max-image-preview:large","max-video-preview":"max-video-preview:-1"},"og_locale":"cs_CZ","og_type":"article","og_title":"Komunitn\u00ed kontejner \u201eKokon\u201c \u2013 klubovna pro d\u011bti a ml\u00e1de\u017e - Tvo\u0159\u00edme kaplicko","og_description":"Komunitn\u00ed kontejner \u201eKokon\u201c je multifunk\u010dn\u00ed, esteticky upraven\u00fd a bezpe\u010dn\u00fd kontejnerov\u00fd modul, kter\u00fd slou\u017e\u00ed jako otev\u0159en\u00e1 klubovna pro d\u011bti a mlad\u00e9 lidi. Um\u00edst\u011bn by byl na prostranstv\u00ed mezi Z\u0160 \u0160koln\u00ed a Z\u0160 Fantova, kde by poskytoval z\u00e1zem\u00ed b\u011bhem voln\u00fdch hodin mezi v\u00fdukou, odpoledn\u00edmi krou\u017eky \u010di sportovn\u00edmi aktivitami. Interi\u00e9r by byl vybaven modul\u00e1rn\u00edm n\u00e1bytkem, odpo\u010dinkovou z\u00f3nou, m\u00edstem pro nab\u00edjen\u00ed mobiln\u00edch telefon\u016f, drobn\u00fdmi didaktick\u00fdmi pom\u016fckami, spole\u010densk\u00fdmi hrami a p\u0159\u00edpadn\u011b mal\u00fdm pracovn\u00edm koutkem.","og_url":"https:\/\/www.participativni-rozpocet.cz\/kaplice\/navrhy\/komunitni-kontejner-kokon-klubovna-pro-deti-a-mladez\/","og_site_name":"Tvo\u0159\u00edme kaplicko","article_modified_time":"2025-12-19T12:21:44+00:00","og_image":[{"width":2245,"height":1587,"url":"https:\/\/www.participativni-rozpocet.cz\/kaplice\/wp-content\/uploads\/sites\/63\/2025\/11\/Bez-nazvu-A2-na-sirku-1.jpg","type":"image\/jpeg"}],"twitter_card":"summary_large_image","schema":{"@context":"https:\/\/schema.org","@graph":[{"@type":"WebPage","@id":"https:\/\/www.participativni-rozpocet.cz\/kaplice\/navrhy\/komunitni-kontejner-kokon-klubovna-pro-deti-a-mladez\/","url":"https:\/\/www.participativni-rozpocet.cz\/kaplice\/navrhy\/komunitni-kontejner-kokon-klubovna-pro-deti-a-mladez\/","name":"Komunitn\u00ed kontejner \u201eKokon\u201c \u2013 klubovna pro d\u011bti a ml\u00e1de\u017e - Tvo\u0159\u00edme kaplicko","isPartOf":{"@id":"https:\/\/www.participativni-rozpocet.cz\/kaplice\/#website"},"primaryImageOfPage":{"@id":"https:\/\/www.participativni-rozpocet.cz\/kaplice\/navrhy\/komunitni-kontejner-kokon-klubovna-pro-deti-a-mladez\/#primaryimage"},"image":{"@id":"https:\/\/www.participativni-rozpocet.cz\/kaplice\/navrhy\/komunitni-kontejner-kokon-klubovna-pro-deti-a-mladez\/#primaryimage"},"thumbnailUrl":"https:\/\/www.participativni-rozpocet.cz\/kaplice\/wp-content\/uploads\/sites\/63\/2025\/11\/Bez-nazvu-A2-na-sirku-1.jpg","datePublished":"2025-11-18T11:39:45+00:00","dateModified":"2025-12-19T12:21:44+00:00","breadcrumb":{"@id":"https:\/\/www.participativni-rozpocet.cz\/kaplice\/navrhy\/komunitni-kontejner-kokon-klubovna-pro-deti-a-mladez\/#breadcrumb"},"inLanguage":"cs","potentialAction":[{"@type":"ReadAction","target":["https:\/\/www.participativni-rozpocet.cz\/kaplice\/navrhy\/komunitni-kontejner-kokon-klubovna-pro-deti-a-mladez\/"]}]},{"@type":"ImageObject","inLanguage":"cs","@id":"https:\/\/www.participativni-rozpocet.cz\/kaplice\/navrhy\/komunitni-kontejner-kokon-klubovna-pro-deti-a-mladez\/#primaryimage","url":"https:\/\/www.participativni-rozpocet.cz\/kaplice\/wp-content\/uploads\/sites\/63\/2025\/11\/Bez-nazvu-A2-na-sirku-1.jpg","contentUrl":"https:\/\/www.participativni-rozpocet.cz\/kaplice\/wp-content\/uploads\/sites\/63\/2025\/11\/Bez-nazvu-A2-na-sirku-1.jpg","width":2245,"height":1587},{"@type":"BreadcrumbList","@id":"https:\/\/www.participativni-rozpocet.cz\/kaplice\/navrhy\/komunitni-kontejner-kokon-klubovna-pro-deti-a-mladez\/#breadcrumb","itemListElement":[{"@type":"ListItem","position":1,"name":"Dom\u016f","item":"https:\/\/www.participativni-rozpocet.cz\/kaplice\/"},{"@type":"ListItem","position":2,"name":"N\u00e1vrhy","item":"https:\/\/www.participativni-rozpocet.cz\/kaplice\/navrhy\/"},{"@type":"ListItem","position":3,"name":"Komunitn\u00ed kontejner \u201eKokon\u201c \u2013 klubovna pro d\u011bti a ml\u00e1de\u017e"}]},{"@type":"WebSite","@id":"https:\/\/www.participativni-rozpocet.cz\/kaplice\/#website","url":"https:\/\/www.participativni-rozpocet.cz\/kaplice\/","name":"Tvo\u0159\u00edme kaplicko","description":"Participativn\u00ed rozpo\u010det","publisher":{"@id":"https:\/\/www.participativni-rozpocet.cz\/kaplice\/#organization"},"potentialAction":[{"@type":"SearchAction","target":{"@type":"EntryPoint","urlTemplate":"https:\/\/www.participativni-rozpocet.cz\/kaplice\/?s={search_term_string}"},"query-input":{"@type":"PropertyValueSpecification","valueRequired":true,"valueName":"search_term_string"}}],"inLanguage":"cs"},{"@type":"Organization","@id":"https:\/\/www.participativni-rozpocet.cz\/kaplice\/#organization","name":"Tvo\u0159\u00edme kaplicko","url":"https:\/\/www.participativni-rozpocet.cz\/kaplice\/","logo":{"@type":"ImageObject","inLanguage":"cs","@id":"https:\/\/www.participativni-rozpocet.cz\/kaplice\/#\/schema\/logo\/image\/","url":"https:\/\/www.participativni-rozpocet.cz\/kaplice\/wp-content\/uploads\/sites\/63\/2024\/10\/logo_tvorime_kaplicko.svg","contentUrl":"https:\/\/www.participativni-rozpocet.cz\/kaplice\/wp-content\/uploads\/sites\/63\/2024\/10\/logo_tvorime_kaplicko.svg","width":240,"height":101,"caption":"Tvo\u0159\u00edme kaplicko"},"image":{"@id":"https:\/\/www.participativni-rozpocet.cz\/kaplice\/#\/schema\/logo\/image\/"}}]}},"_links":{"self":[{"href":"https:\/\/www.participativni-rozpocet.cz\/kaplice\/wp-json\/wp\/v2\/navrhy\/7794","targetHints":{"allow":["GET"]}}],"collection":[{"href":"https:\/\/www.participativni-rozpocet.cz\/kaplice\/wp-json\/wp\/v2\/navrhy"}],"about":[{"href":"https:\/\/www.participativni-rozpocet.cz\/kaplice\/wp-json\/wp\/v2\/types\/navrhy"}],"replies":[{"embeddable":true,"href":"https:\/\/www.participativni-rozpocet.cz\/kaplice\/wp-json\/wp\/v2\/comments?post=7794"}],"wp:featuredmedia":[{"embeddable":true,"href":"https:\/\/www.participativni-rozpocet.cz\/kaplice\/wp-json\/wp\/v2\/media\/7790"}],"wp:attachment":[{"href":"https:\/\/www.participativni-rozpocet.cz\/kaplice\/wp-json\/wp\/v2\/media?parent=7794"}],"wp:term":[{"taxonomy":"status_navrhu","embeddable":true,"href":"https:\/\/www.participativni-rozpocet.cz\/kaplice\/wp-json\/wp\/v2\/status_navrhu?post=7794"},{"taxonomy":"rocnik","embeddable":true,"href":"https:\/\/www.participativni-rozpocet.cz\/kaplice\/wp-json\/wp\/v2\/rocnik?post=7794"}],"curies":[{"name":"wp","href":"https:\/\/api.w.org\/{rel}","templated":true}]}}