{"id":7787,"date":"2025-11-18T12:18:22","date_gmt":"2025-11-18T11:18:22","guid":{"rendered":"https:\/\/www.participativni-rozpocet.cz\/kaplice\/?post_type=navrhy&#038;p=7787"},"modified":"2025-12-19T13:54:52","modified_gmt":"2025-12-19T12:54:52","slug":"otevrena-galerie-verejna-nastenka-a-mikro-expozicni-prostor","status":"publish","type":"navrhy","link":"https:\/\/www.participativni-rozpocet.cz\/kaplice\/navrhy\/otevrena-galerie-verejna-nastenka-a-mikro-expozicni-prostor\/","title":{"rendered":"Otev\u0159en\u00e1 galerie \u2013 ve\u0159ejn\u00e1 n\u00e1st\u011bnka a mikro-expozi\u010dn\u00ed prostor"},"featured_media":7831,"comment_status":"open","ping_status":"closed","template":"","meta":{"_acf_changed":false},"status_navrhu":[29],"rocnik":[84],"class_list":["post-7787","navrhy","type-navrhy","status-publish","has-post-thumbnail","hentry","status_navrhu-realizovatelne","rocnik-84"],"acf":[],"yoast_head":"<!-- This site is optimized with the Yoast SEO plugin v24.2 - https:\/\/yoast.com\/wordpress\/plugins\/seo\/ -->\n<title>Otev\u0159en\u00e1 galerie \u2013 ve\u0159ejn\u00e1 n\u00e1st\u011bnka a mikro-expozi\u010dn\u00ed prostor - Tvo\u0159\u00edme kaplicko<\/title>\n<meta name=\"robots\" content=\"index, follow, max-snippet:-1, max-image-preview:large, max-video-preview:-1\" \/>\n<meta property=\"og:locale\" content=\"cs_CZ\" \/>\n<meta property=\"og:type\" content=\"article\" \/>\n<meta property=\"og:title\" content=\"Otev\u0159en\u00e1 galerie \u2013 ve\u0159ejn\u00e1 n\u00e1st\u011bnka a mikro-expozi\u010dn\u00ed prostor - Tvo\u0159\u00edme kaplicko\" \/>\n<meta property=\"og:description\" content=\"Otev\u0159en\u00e1 galerie je dvoud\u00edln\u00fd venkovn\u00ed prvek: (A) ve\u0159ejn\u00e1 n\u00e1st\u011bnka pro sousedsk\u00e9 akce, mal\u00e9 spolkov\u00e9 ud\u00e1losti, pozv\u00e1nky, nab\u00eddky typu \u201eswap\u201c \u010di lok\u00e1ln\u00ed slu\u017eby, (B) minigalerijn\u00ed \u010d\u00e1st \u2013 orientovan\u00fd prostor pro pravideln\u00e9 mal\u00e9 vernis\u00e1\u017ee, prezentaci fotografi\u00ed, um\u011bleck\u00e9 intervence nebo m\u00edstn\u011b specifick\u00e9 projekty. Konstrukce by byla z odoln\u00fdch materi\u00e1l\u016f, \u010d\u00e1ste\u010dn\u011b kryt\u00e1 proti de\u0161ti, s mo\u017enost\u00ed bezpe\u010dn\u00e9ho zav\u011b\u0161en\u00ed v\u00fdstavn\u00edch panel\u016f.\" \/>\n<meta property=\"og:url\" content=\"https:\/\/www.participativni-rozpocet.cz\/kaplice\/navrhy\/otevrena-galerie-verejna-nastenka-a-mikro-expozicni-prostor\/\" \/>\n<meta property=\"og:site_name\" content=\"Tvo\u0159\u00edme kaplicko\" \/>\n<meta property=\"article:modified_time\" content=\"2025-12-19T12:54:52+00:00\" \/>\n<meta property=\"og:image\" content=\"https:\/\/www.participativni-rozpocet.cz\/kaplice\/wp-content\/uploads\/sites\/63\/2025\/11\/otevrena-galerie.jpg\" \/>\n\t<meta property=\"og:image:width\" content=\"683\" \/>\n\t<meta property=\"og:image:height\" content=\"1024\" \/>\n\t<meta property=\"og:image:type\" content=\"image\/jpeg\" \/>\n<meta name=\"twitter:card\" content=\"summary_large_image\" \/>\n<script type=\"application\/ld+json\" class=\"yoast-schema-graph\">{\"@context\":\"https:\/\/schema.org\",\"@graph\":[{\"@type\":\"WebPage\",\"@id\":\"https:\/\/www.participativni-rozpocet.cz\/kaplice\/navrhy\/otevrena-galerie-verejna-nastenka-a-mikro-expozicni-prostor\/\",\"url\":\"https:\/\/www.participativni-rozpocet.cz\/kaplice\/navrhy\/otevrena-galerie-verejna-nastenka-a-mikro-expozicni-prostor\/\",\"name\":\"Otev\u0159en\u00e1 galerie \u2013 ve\u0159ejn\u00e1 n\u00e1st\u011bnka a mikro-expozi\u010dn\u00ed prostor - Tvo\u0159\u00edme kaplicko\",\"isPartOf\":{\"@id\":\"https:\/\/www.participativni-rozpocet.cz\/kaplice\/#website\"},\"primaryImageOfPage\":{\"@id\":\"https:\/\/www.participativni-rozpocet.cz\/kaplice\/navrhy\/otevrena-galerie-verejna-nastenka-a-mikro-expozicni-prostor\/#primaryimage\"},\"image\":{\"@id\":\"https:\/\/www.participativni-rozpocet.cz\/kaplice\/navrhy\/otevrena-galerie-verejna-nastenka-a-mikro-expozicni-prostor\/#primaryimage\"},\"thumbnailUrl\":\"https:\/\/www.participativni-rozpocet.cz\/kaplice\/wp-content\/uploads\/sites\/63\/2025\/11\/otevrena-galerie.jpg\",\"datePublished\":\"2025-11-18T11:18:22+00:00\",\"dateModified\":\"2025-12-19T12:54:52+00:00\",\"breadcrumb\":{\"@id\":\"https:\/\/www.participativni-rozpocet.cz\/kaplice\/navrhy\/otevrena-galerie-verejna-nastenka-a-mikro-expozicni-prostor\/#breadcrumb\"},\"inLanguage\":\"cs\",\"potentialAction\":[{\"@type\":\"ReadAction\",\"target\":[\"https:\/\/www.participativni-rozpocet.cz\/kaplice\/navrhy\/otevrena-galerie-verejna-nastenka-a-mikro-expozicni-prostor\/\"]}]},{\"@type\":\"ImageObject\",\"inLanguage\":\"cs\",\"@id\":\"https:\/\/www.participativni-rozpocet.cz\/kaplice\/navrhy\/otevrena-galerie-verejna-nastenka-a-mikro-expozicni-prostor\/#primaryimage\",\"url\":\"https:\/\/www.participativni-rozpocet.cz\/kaplice\/wp-content\/uploads\/sites\/63\/2025\/11\/otevrena-galerie.jpg\",\"contentUrl\":\"https:\/\/www.participativni-rozpocet.cz\/kaplice\/wp-content\/uploads\/sites\/63\/2025\/11\/otevrena-galerie.jpg\",\"width\":683,\"height\":1024},{\"@type\":\"BreadcrumbList\",\"@id\":\"https:\/\/www.participativni-rozpocet.cz\/kaplice\/navrhy\/otevrena-galerie-verejna-nastenka-a-mikro-expozicni-prostor\/#breadcrumb\",\"itemListElement\":[{\"@type\":\"ListItem\",\"position\":1,\"name\":\"Dom\u016f\",\"item\":\"https:\/\/www.participativni-rozpocet.cz\/kaplice\/\"},{\"@type\":\"ListItem\",\"position\":2,\"name\":\"N\u00e1vrhy\",\"item\":\"https:\/\/www.participativni-rozpocet.cz\/kaplice\/navrhy\/\"},{\"@type\":\"ListItem\",\"position\":3,\"name\":\"Otev\u0159en\u00e1 galerie \u2013 ve\u0159ejn\u00e1 n\u00e1st\u011bnka a mikro-expozi\u010dn\u00ed prostor\"}]},{\"@type\":\"WebSite\",\"@id\":\"https:\/\/www.participativni-rozpocet.cz\/kaplice\/#website\",\"url\":\"https:\/\/www.participativni-rozpocet.cz\/kaplice\/\",\"name\":\"Tvo\u0159\u00edme kaplicko\",\"description\":\"Participativn\u00ed rozpo\u010det\",\"publisher\":{\"@id\":\"https:\/\/www.participativni-rozpocet.cz\/kaplice\/#organization\"},\"potentialAction\":[{\"@type\":\"SearchAction\",\"target\":{\"@type\":\"EntryPoint\",\"urlTemplate\":\"https:\/\/www.participativni-rozpocet.cz\/kaplice\/?s={search_term_string}\"},\"query-input\":{\"@type\":\"PropertyValueSpecification\",\"valueRequired\":true,\"valueName\":\"search_term_string\"}}],\"inLanguage\":\"cs\"},{\"@type\":\"Organization\",\"@id\":\"https:\/\/www.participativni-rozpocet.cz\/kaplice\/#organization\",\"name\":\"Tvo\u0159\u00edme kaplicko\",\"url\":\"https:\/\/www.participativni-rozpocet.cz\/kaplice\/\",\"logo\":{\"@type\":\"ImageObject\",\"inLanguage\":\"cs\",\"@id\":\"https:\/\/www.participativni-rozpocet.cz\/kaplice\/#\/schema\/logo\/image\/\",\"url\":\"https:\/\/www.participativni-rozpocet.cz\/kaplice\/wp-content\/uploads\/sites\/63\/2024\/10\/logo_tvorime_kaplicko.svg\",\"contentUrl\":\"https:\/\/www.participativni-rozpocet.cz\/kaplice\/wp-content\/uploads\/sites\/63\/2024\/10\/logo_tvorime_kaplicko.svg\",\"width\":240,\"height\":101,\"caption\":\"Tvo\u0159\u00edme kaplicko\"},\"image\":{\"@id\":\"https:\/\/www.participativni-rozpocet.cz\/kaplice\/#\/schema\/logo\/image\/\"}}]}<\/script>\n<!-- \/ Yoast SEO plugin. -->","yoast_head_json":{"title":"Otev\u0159en\u00e1 galerie \u2013 ve\u0159ejn\u00e1 n\u00e1st\u011bnka a mikro-expozi\u010dn\u00ed prostor - Tvo\u0159\u00edme kaplicko","robots":{"index":"index","follow":"follow","max-snippet":"max-snippet:-1","max-image-preview":"max-image-preview:large","max-video-preview":"max-video-preview:-1"},"og_locale":"cs_CZ","og_type":"article","og_title":"Otev\u0159en\u00e1 galerie \u2013 ve\u0159ejn\u00e1 n\u00e1st\u011bnka a mikro-expozi\u010dn\u00ed prostor - Tvo\u0159\u00edme kaplicko","og_description":"Otev\u0159en\u00e1 galerie je dvoud\u00edln\u00fd venkovn\u00ed prvek: (A) ve\u0159ejn\u00e1 n\u00e1st\u011bnka pro sousedsk\u00e9 akce, mal\u00e9 spolkov\u00e9 ud\u00e1losti, pozv\u00e1nky, nab\u00eddky typu \u201eswap\u201c \u010di lok\u00e1ln\u00ed slu\u017eby, (B) minigalerijn\u00ed \u010d\u00e1st \u2013 orientovan\u00fd prostor pro pravideln\u00e9 mal\u00e9 vernis\u00e1\u017ee, prezentaci fotografi\u00ed, um\u011bleck\u00e9 intervence nebo m\u00edstn\u011b specifick\u00e9 projekty. Konstrukce by byla z odoln\u00fdch materi\u00e1l\u016f, \u010d\u00e1ste\u010dn\u011b kryt\u00e1 proti de\u0161ti, s mo\u017enost\u00ed bezpe\u010dn\u00e9ho zav\u011b\u0161en\u00ed v\u00fdstavn\u00edch panel\u016f.","og_url":"https:\/\/www.participativni-rozpocet.cz\/kaplice\/navrhy\/otevrena-galerie-verejna-nastenka-a-mikro-expozicni-prostor\/","og_site_name":"Tvo\u0159\u00edme kaplicko","article_modified_time":"2025-12-19T12:54:52+00:00","og_image":[{"width":683,"height":1024,"url":"https:\/\/www.participativni-rozpocet.cz\/kaplice\/wp-content\/uploads\/sites\/63\/2025\/11\/otevrena-galerie.jpg","type":"image\/jpeg"}],"twitter_card":"summary_large_image","schema":{"@context":"https:\/\/schema.org","@graph":[{"@type":"WebPage","@id":"https:\/\/www.participativni-rozpocet.cz\/kaplice\/navrhy\/otevrena-galerie-verejna-nastenka-a-mikro-expozicni-prostor\/","url":"https:\/\/www.participativni-rozpocet.cz\/kaplice\/navrhy\/otevrena-galerie-verejna-nastenka-a-mikro-expozicni-prostor\/","name":"Otev\u0159en\u00e1 galerie \u2013 ve\u0159ejn\u00e1 n\u00e1st\u011bnka a mikro-expozi\u010dn\u00ed prostor - Tvo\u0159\u00edme kaplicko","isPartOf":{"@id":"https:\/\/www.participativni-rozpocet.cz\/kaplice\/#website"},"primaryImageOfPage":{"@id":"https:\/\/www.participativni-rozpocet.cz\/kaplice\/navrhy\/otevrena-galerie-verejna-nastenka-a-mikro-expozicni-prostor\/#primaryimage"},"image":{"@id":"https:\/\/www.participativni-rozpocet.cz\/kaplice\/navrhy\/otevrena-galerie-verejna-nastenka-a-mikro-expozicni-prostor\/#primaryimage"},"thumbnailUrl":"https:\/\/www.participativni-rozpocet.cz\/kaplice\/wp-content\/uploads\/sites\/63\/2025\/11\/otevrena-galerie.jpg","datePublished":"2025-11-18T11:18:22+00:00","dateModified":"2025-12-19T12:54:52+00:00","breadcrumb":{"@id":"https:\/\/www.participativni-rozpocet.cz\/kaplice\/navrhy\/otevrena-galerie-verejna-nastenka-a-mikro-expozicni-prostor\/#breadcrumb"},"inLanguage":"cs","potentialAction":[{"@type":"ReadAction","target":["https:\/\/www.participativni-rozpocet.cz\/kaplice\/navrhy\/otevrena-galerie-verejna-nastenka-a-mikro-expozicni-prostor\/"]}]},{"@type":"ImageObject","inLanguage":"cs","@id":"https:\/\/www.participativni-rozpocet.cz\/kaplice\/navrhy\/otevrena-galerie-verejna-nastenka-a-mikro-expozicni-prostor\/#primaryimage","url":"https:\/\/www.participativni-rozpocet.cz\/kaplice\/wp-content\/uploads\/sites\/63\/2025\/11\/otevrena-galerie.jpg","contentUrl":"https:\/\/www.participativni-rozpocet.cz\/kaplice\/wp-content\/uploads\/sites\/63\/2025\/11\/otevrena-galerie.jpg","width":683,"height":1024},{"@type":"BreadcrumbList","@id":"https:\/\/www.participativni-rozpocet.cz\/kaplice\/navrhy\/otevrena-galerie-verejna-nastenka-a-mikro-expozicni-prostor\/#breadcrumb","itemListElement":[{"@type":"ListItem","position":1,"name":"Dom\u016f","item":"https:\/\/www.participativni-rozpocet.cz\/kaplice\/"},{"@type":"ListItem","position":2,"name":"N\u00e1vrhy","item":"https:\/\/www.participativni-rozpocet.cz\/kaplice\/navrhy\/"},{"@type":"ListItem","position":3,"name":"Otev\u0159en\u00e1 galerie \u2013 ve\u0159ejn\u00e1 n\u00e1st\u011bnka a mikro-expozi\u010dn\u00ed prostor"}]},{"@type":"WebSite","@id":"https:\/\/www.participativni-rozpocet.cz\/kaplice\/#website","url":"https:\/\/www.participativni-rozpocet.cz\/kaplice\/","name":"Tvo\u0159\u00edme kaplicko","description":"Participativn\u00ed rozpo\u010det","publisher":{"@id":"https:\/\/www.participativni-rozpocet.cz\/kaplice\/#organization"},"potentialAction":[{"@type":"SearchAction","target":{"@type":"EntryPoint","urlTemplate":"https:\/\/www.participativni-rozpocet.cz\/kaplice\/?s={search_term_string}"},"query-input":{"@type":"PropertyValueSpecification","valueRequired":true,"valueName":"search_term_string"}}],"inLanguage":"cs"},{"@type":"Organization","@id":"https:\/\/www.participativni-rozpocet.cz\/kaplice\/#organization","name":"Tvo\u0159\u00edme kaplicko","url":"https:\/\/www.participativni-rozpocet.cz\/kaplice\/","logo":{"@type":"ImageObject","inLanguage":"cs","@id":"https:\/\/www.participativni-rozpocet.cz\/kaplice\/#\/schema\/logo\/image\/","url":"https:\/\/www.participativni-rozpocet.cz\/kaplice\/wp-content\/uploads\/sites\/63\/2024\/10\/logo_tvorime_kaplicko.svg","contentUrl":"https:\/\/www.participativni-rozpocet.cz\/kaplice\/wp-content\/uploads\/sites\/63\/2024\/10\/logo_tvorime_kaplicko.svg","width":240,"height":101,"caption":"Tvo\u0159\u00edme kaplicko"},"image":{"@id":"https:\/\/www.participativni-rozpocet.cz\/kaplice\/#\/schema\/logo\/image\/"}}]}},"_links":{"self":[{"href":"https:\/\/www.participativni-rozpocet.cz\/kaplice\/wp-json\/wp\/v2\/navrhy\/7787","targetHints":{"allow":["GET"]}}],"collection":[{"href":"https:\/\/www.participativni-rozpocet.cz\/kaplice\/wp-json\/wp\/v2\/navrhy"}],"about":[{"href":"https:\/\/www.participativni-rozpocet.cz\/kaplice\/wp-json\/wp\/v2\/types\/navrhy"}],"replies":[{"embeddable":true,"href":"https:\/\/www.participativni-rozpocet.cz\/kaplice\/wp-json\/wp\/v2\/comments?post=7787"}],"wp:featuredmedia":[{"embeddable":true,"href":"https:\/\/www.participativni-rozpocet.cz\/kaplice\/wp-json\/wp\/v2\/media\/7831"}],"wp:attachment":[{"href":"https:\/\/www.participativni-rozpocet.cz\/kaplice\/wp-json\/wp\/v2\/media?parent=7787"}],"wp:term":[{"taxonomy":"status_navrhu","embeddable":true,"href":"https:\/\/www.participativni-rozpocet.cz\/kaplice\/wp-json\/wp\/v2\/status_navrhu?post=7787"},{"taxonomy":"rocnik","embeddable":true,"href":"https:\/\/www.participativni-rozpocet.cz\/kaplice\/wp-json\/wp\/v2\/rocnik?post=7787"}],"curies":[{"name":"wp","href":"https:\/\/api.w.org\/{rel}","templated":true}]}}