{"id":7086,"date":"2023-02-23T10:57:26","date_gmt":"2023-02-23T09:57:26","guid":{"rendered":"https:\/\/www.participativni-rozpocet.cz\/hustopece\/?post_type=navrhy&#038;p=7086"},"modified":"2025-01-27T14:08:03","modified_gmt":"2025-01-27T13:08:03","slug":"ucime-se-venku-vystavba-venkovni-ucebny-na-zs-nadrazni","status":"publish","type":"navrhy","link":"https:\/\/www.participativni-rozpocet.cz\/hustopece\/navrhy\/ucime-se-venku-vystavba-venkovni-ucebny-na-zs-nadrazni\/","title":{"rendered":"U\u010d\u00edme se venku &#8211; v\u00fdstavba venkovn\u00ed u\u010debny na Z\u0160 N\u00e1dra\u017en\u00ed"},"featured_media":7078,"comment_status":"open","ping_status":"closed","template":"","meta":{"_acf_changed":false},"status_navrhu":[35],"rocnik":[82],"class_list":["post-7086","navrhy","type-navrhy","status-publish","has-post-thumbnail","hentry","status_navrhu-realizovane","rocnik-82"],"acf":[],"yoast_head":"<!-- This site is optimized with the Yoast SEO plugin v24.2 - https:\/\/yoast.com\/wordpress\/plugins\/seo\/ -->\n<title>U\u010d\u00edme se venku - v\u00fdstavba venkovn\u00ed u\u010debny na Z\u0160 N\u00e1dra\u017en\u00ed - Hustope\u010de<\/title>\n<meta name=\"robots\" content=\"index, follow, max-snippet:-1, max-image-preview:large, max-video-preview:-1\" \/>\n<meta property=\"og:locale\" content=\"cs_CZ\" \/>\n<meta property=\"og:type\" content=\"article\" \/>\n<meta property=\"og:title\" content=\"U\u010d\u00edme se venku - v\u00fdstavba venkovn\u00ed u\u010debny na Z\u0160 N\u00e1dra\u017en\u00ed - Hustope\u010de\" \/>\n<meta property=\"og:description\" content=\"V\u00fdstavba nov\u00e9 venkovn\u00ed u\u010debny na \u0161koln\u00edm dvo\u0159e Z\u0160 N\u00e1dra\u017en\u00ed. C\u00edlem je vytvo\u0159en\u00ed nov\u00e9 venkovn\u00ed u\u010debny vybaven\u00e9 tabul\u00ed, stoly a lavicemi. T\u0159\u00eddy tak budou m\u00edt dal\u0161\u00ed mo\u017enost zm\u011bnit v\u00fdukov\u00e9 prost\u0159ed\u00ed a budou se moci u\u010dit venku na \u010derstv\u00e9m vzduchu. U\u010debna z\u00e1rove\u0148 poskytne z\u00e1zem\u00ed \u017e\u00e1k\u016fm p\u0159ed zah\u00e1jen\u00edm dopoledn\u00edho i odpoledn\u00edho vyu\u010dov\u00e1n\u00ed, z\u00e1konn\u00fdm z\u00e1stupc\u016fm p\u0159i \u010dek\u00e1n\u00ed na d\u011bti, ve\u0159ejnosti p\u0159i \u010dek\u00e1n\u00ed na krou\u017eky apod.\" \/>\n<meta property=\"og:url\" content=\"https:\/\/www.participativni-rozpocet.cz\/hustopece\/navrhy\/ucime-se-venku-vystavba-venkovni-ucebny-na-zs-nadrazni\/\" \/>\n<meta property=\"og:site_name\" content=\"Hustope\u010de\" \/>\n<meta property=\"article:modified_time\" content=\"2025-01-27T13:08:03+00:00\" \/>\n<meta property=\"og:image\" content=\"https:\/\/www.participativni-rozpocet.cz\/hustopece\/wp-content\/uploads\/sites\/49\/2023\/02\/ilustracni-obrazek-2.jpg\" \/>\n\t<meta property=\"og:image:width\" content=\"1440\" \/>\n\t<meta property=\"og:image:height\" content=\"960\" \/>\n\t<meta property=\"og:image:type\" content=\"image\/jpeg\" \/>\n<meta name=\"twitter:card\" content=\"summary_large_image\" \/>\n<script type=\"application\/ld+json\" class=\"yoast-schema-graph\">{\"@context\":\"https:\/\/schema.org\",\"@graph\":[{\"@type\":\"WebPage\",\"@id\":\"https:\/\/www.participativni-rozpocet.cz\/hustopece\/navrhy\/ucime-se-venku-vystavba-venkovni-ucebny-na-zs-nadrazni\/\",\"url\":\"https:\/\/www.participativni-rozpocet.cz\/hustopece\/navrhy\/ucime-se-venku-vystavba-venkovni-ucebny-na-zs-nadrazni\/\",\"name\":\"U\u010d\u00edme se venku - v\u00fdstavba venkovn\u00ed u\u010debny na Z\u0160 N\u00e1dra\u017en\u00ed - Hustope\u010de\",\"isPartOf\":{\"@id\":\"http:\/\/www.participativni-rozpocet.cz\/hustopece\/#website\"},\"primaryImageOfPage\":{\"@id\":\"https:\/\/www.participativni-rozpocet.cz\/hustopece\/navrhy\/ucime-se-venku-vystavba-venkovni-ucebny-na-zs-nadrazni\/#primaryimage\"},\"image\":{\"@id\":\"https:\/\/www.participativni-rozpocet.cz\/hustopece\/navrhy\/ucime-se-venku-vystavba-venkovni-ucebny-na-zs-nadrazni\/#primaryimage\"},\"thumbnailUrl\":\"https:\/\/www.participativni-rozpocet.cz\/hustopece\/wp-content\/uploads\/sites\/49\/2023\/02\/ilustracni-obrazek-2.jpg\",\"datePublished\":\"2023-02-23T09:57:26+00:00\",\"dateModified\":\"2025-01-27T13:08:03+00:00\",\"breadcrumb\":{\"@id\":\"https:\/\/www.participativni-rozpocet.cz\/hustopece\/navrhy\/ucime-se-venku-vystavba-venkovni-ucebny-na-zs-nadrazni\/#breadcrumb\"},\"inLanguage\":\"cs\",\"potentialAction\":[{\"@type\":\"ReadAction\",\"target\":[\"https:\/\/www.participativni-rozpocet.cz\/hustopece\/navrhy\/ucime-se-venku-vystavba-venkovni-ucebny-na-zs-nadrazni\/\"]}]},{\"@type\":\"ImageObject\",\"inLanguage\":\"cs\",\"@id\":\"https:\/\/www.participativni-rozpocet.cz\/hustopece\/navrhy\/ucime-se-venku-vystavba-venkovni-ucebny-na-zs-nadrazni\/#primaryimage\",\"url\":\"https:\/\/www.participativni-rozpocet.cz\/hustopece\/wp-content\/uploads\/sites\/49\/2023\/02\/ilustracni-obrazek-2.jpg\",\"contentUrl\":\"https:\/\/www.participativni-rozpocet.cz\/hustopece\/wp-content\/uploads\/sites\/49\/2023\/02\/ilustracni-obrazek-2.jpg\",\"width\":1440,\"height\":960},{\"@type\":\"BreadcrumbList\",\"@id\":\"https:\/\/www.participativni-rozpocet.cz\/hustopece\/navrhy\/ucime-se-venku-vystavba-venkovni-ucebny-na-zs-nadrazni\/#breadcrumb\",\"itemListElement\":[{\"@type\":\"ListItem\",\"position\":1,\"name\":\"Dom\u016f\",\"item\":\"http:\/\/www.participativni-rozpocet.cz\/hustopece\/\"},{\"@type\":\"ListItem\",\"position\":2,\"name\":\"N\u00e1vrhy\",\"item\":\"https:\/\/www.participativni-rozpocet.cz\/hustopece\/navrhy\/\"},{\"@type\":\"ListItem\",\"position\":3,\"name\":\"U\u010d\u00edme se venku &#8211; v\u00fdstavba venkovn\u00ed u\u010debny na Z\u0160 N\u00e1dra\u017en\u00ed\"}]},{\"@type\":\"WebSite\",\"@id\":\"http:\/\/www.participativni-rozpocet.cz\/hustopece\/#website\",\"url\":\"http:\/\/www.participativni-rozpocet.cz\/hustopece\/\",\"name\":\"Hustope\u010de\",\"description\":\"Participativn\u00ed rozpo\u010det m\u011bsta Hustope\u010de\",\"publisher\":{\"@id\":\"http:\/\/www.participativni-rozpocet.cz\/hustopece\/#organization\"},\"potentialAction\":[{\"@type\":\"SearchAction\",\"target\":{\"@type\":\"EntryPoint\",\"urlTemplate\":\"http:\/\/www.participativni-rozpocet.cz\/hustopece\/?s={search_term_string}\"},\"query-input\":{\"@type\":\"PropertyValueSpecification\",\"valueRequired\":true,\"valueName\":\"search_term_string\"}}],\"inLanguage\":\"cs\"},{\"@type\":\"Organization\",\"@id\":\"http:\/\/www.participativni-rozpocet.cz\/hustopece\/#organization\",\"name\":\"Hustope\u010de\",\"url\":\"http:\/\/www.participativni-rozpocet.cz\/hustopece\/\",\"logo\":{\"@type\":\"ImageObject\",\"inLanguage\":\"cs\",\"@id\":\"http:\/\/www.participativni-rozpocet.cz\/hustopece\/#\/schema\/logo\/image\/\",\"url\":\"https:\/\/www.participativni-rozpocet.cz\/hustopece\/wp-content\/uploads\/sites\/49\/2021\/02\/logo_header.png\",\"contentUrl\":\"https:\/\/www.participativni-rozpocet.cz\/hustopece\/wp-content\/uploads\/sites\/49\/2021\/02\/logo_header.png\",\"width\":558,\"height\":205,\"caption\":\"Hustope\u010de\"},\"image\":{\"@id\":\"http:\/\/www.participativni-rozpocet.cz\/hustopece\/#\/schema\/logo\/image\/\"}}]}<\/script>\n<!-- \/ Yoast SEO plugin. -->","yoast_head_json":{"title":"U\u010d\u00edme se venku - v\u00fdstavba venkovn\u00ed u\u010debny na Z\u0160 N\u00e1dra\u017en\u00ed - Hustope\u010de","robots":{"index":"index","follow":"follow","max-snippet":"max-snippet:-1","max-image-preview":"max-image-preview:large","max-video-preview":"max-video-preview:-1"},"og_locale":"cs_CZ","og_type":"article","og_title":"U\u010d\u00edme se venku - v\u00fdstavba venkovn\u00ed u\u010debny na Z\u0160 N\u00e1dra\u017en\u00ed - Hustope\u010de","og_description":"V\u00fdstavba nov\u00e9 venkovn\u00ed u\u010debny na \u0161koln\u00edm dvo\u0159e Z\u0160 N\u00e1dra\u017en\u00ed. C\u00edlem je vytvo\u0159en\u00ed nov\u00e9 venkovn\u00ed u\u010debny vybaven\u00e9 tabul\u00ed, stoly a lavicemi. T\u0159\u00eddy tak budou m\u00edt dal\u0161\u00ed mo\u017enost zm\u011bnit v\u00fdukov\u00e9 prost\u0159ed\u00ed a budou se moci u\u010dit venku na \u010derstv\u00e9m vzduchu. U\u010debna z\u00e1rove\u0148 poskytne z\u00e1zem\u00ed \u017e\u00e1k\u016fm p\u0159ed zah\u00e1jen\u00edm dopoledn\u00edho i odpoledn\u00edho vyu\u010dov\u00e1n\u00ed, z\u00e1konn\u00fdm z\u00e1stupc\u016fm p\u0159i \u010dek\u00e1n\u00ed na d\u011bti, ve\u0159ejnosti p\u0159i \u010dek\u00e1n\u00ed na krou\u017eky apod.","og_url":"https:\/\/www.participativni-rozpocet.cz\/hustopece\/navrhy\/ucime-se-venku-vystavba-venkovni-ucebny-na-zs-nadrazni\/","og_site_name":"Hustope\u010de","article_modified_time":"2025-01-27T13:08:03+00:00","og_image":[{"width":1440,"height":960,"url":"https:\/\/www.participativni-rozpocet.cz\/hustopece\/wp-content\/uploads\/sites\/49\/2023\/02\/ilustracni-obrazek-2.jpg","type":"image\/jpeg"}],"twitter_card":"summary_large_image","schema":{"@context":"https:\/\/schema.org","@graph":[{"@type":"WebPage","@id":"https:\/\/www.participativni-rozpocet.cz\/hustopece\/navrhy\/ucime-se-venku-vystavba-venkovni-ucebny-na-zs-nadrazni\/","url":"https:\/\/www.participativni-rozpocet.cz\/hustopece\/navrhy\/ucime-se-venku-vystavba-venkovni-ucebny-na-zs-nadrazni\/","name":"U\u010d\u00edme se venku - v\u00fdstavba venkovn\u00ed u\u010debny na Z\u0160 N\u00e1dra\u017en\u00ed - Hustope\u010de","isPartOf":{"@id":"http:\/\/www.participativni-rozpocet.cz\/hustopece\/#website"},"primaryImageOfPage":{"@id":"https:\/\/www.participativni-rozpocet.cz\/hustopece\/navrhy\/ucime-se-venku-vystavba-venkovni-ucebny-na-zs-nadrazni\/#primaryimage"},"image":{"@id":"https:\/\/www.participativni-rozpocet.cz\/hustopece\/navrhy\/ucime-se-venku-vystavba-venkovni-ucebny-na-zs-nadrazni\/#primaryimage"},"thumbnailUrl":"https:\/\/www.participativni-rozpocet.cz\/hustopece\/wp-content\/uploads\/sites\/49\/2023\/02\/ilustracni-obrazek-2.jpg","datePublished":"2023-02-23T09:57:26+00:00","dateModified":"2025-01-27T13:08:03+00:00","breadcrumb":{"@id":"https:\/\/www.participativni-rozpocet.cz\/hustopece\/navrhy\/ucime-se-venku-vystavba-venkovni-ucebny-na-zs-nadrazni\/#breadcrumb"},"inLanguage":"cs","potentialAction":[{"@type":"ReadAction","target":["https:\/\/www.participativni-rozpocet.cz\/hustopece\/navrhy\/ucime-se-venku-vystavba-venkovni-ucebny-na-zs-nadrazni\/"]}]},{"@type":"ImageObject","inLanguage":"cs","@id":"https:\/\/www.participativni-rozpocet.cz\/hustopece\/navrhy\/ucime-se-venku-vystavba-venkovni-ucebny-na-zs-nadrazni\/#primaryimage","url":"https:\/\/www.participativni-rozpocet.cz\/hustopece\/wp-content\/uploads\/sites\/49\/2023\/02\/ilustracni-obrazek-2.jpg","contentUrl":"https:\/\/www.participativni-rozpocet.cz\/hustopece\/wp-content\/uploads\/sites\/49\/2023\/02\/ilustracni-obrazek-2.jpg","width":1440,"height":960},{"@type":"BreadcrumbList","@id":"https:\/\/www.participativni-rozpocet.cz\/hustopece\/navrhy\/ucime-se-venku-vystavba-venkovni-ucebny-na-zs-nadrazni\/#breadcrumb","itemListElement":[{"@type":"ListItem","position":1,"name":"Dom\u016f","item":"http:\/\/www.participativni-rozpocet.cz\/hustopece\/"},{"@type":"ListItem","position":2,"name":"N\u00e1vrhy","item":"https:\/\/www.participativni-rozpocet.cz\/hustopece\/navrhy\/"},{"@type":"ListItem","position":3,"name":"U\u010d\u00edme se venku &#8211; v\u00fdstavba venkovn\u00ed u\u010debny na Z\u0160 N\u00e1dra\u017en\u00ed"}]},{"@type":"WebSite","@id":"http:\/\/www.participativni-rozpocet.cz\/hustopece\/#website","url":"http:\/\/www.participativni-rozpocet.cz\/hustopece\/","name":"Hustope\u010de","description":"Participativn\u00ed rozpo\u010det m\u011bsta Hustope\u010de","publisher":{"@id":"http:\/\/www.participativni-rozpocet.cz\/hustopece\/#organization"},"potentialAction":[{"@type":"SearchAction","target":{"@type":"EntryPoint","urlTemplate":"http:\/\/www.participativni-rozpocet.cz\/hustopece\/?s={search_term_string}"},"query-input":{"@type":"PropertyValueSpecification","valueRequired":true,"valueName":"search_term_string"}}],"inLanguage":"cs"},{"@type":"Organization","@id":"http:\/\/www.participativni-rozpocet.cz\/hustopece\/#organization","name":"Hustope\u010de","url":"http:\/\/www.participativni-rozpocet.cz\/hustopece\/","logo":{"@type":"ImageObject","inLanguage":"cs","@id":"http:\/\/www.participativni-rozpocet.cz\/hustopece\/#\/schema\/logo\/image\/","url":"https:\/\/www.participativni-rozpocet.cz\/hustopece\/wp-content\/uploads\/sites\/49\/2021\/02\/logo_header.png","contentUrl":"https:\/\/www.participativni-rozpocet.cz\/hustopece\/wp-content\/uploads\/sites\/49\/2021\/02\/logo_header.png","width":558,"height":205,"caption":"Hustope\u010de"},"image":{"@id":"http:\/\/www.participativni-rozpocet.cz\/hustopece\/#\/schema\/logo\/image\/"}}]}},"_links":{"self":[{"href":"https:\/\/www.participativni-rozpocet.cz\/hustopece\/wp-json\/wp\/v2\/navrhy\/7086","targetHints":{"allow":["GET"]}}],"collection":[{"href":"https:\/\/www.participativni-rozpocet.cz\/hustopece\/wp-json\/wp\/v2\/navrhy"}],"about":[{"href":"https:\/\/www.participativni-rozpocet.cz\/hustopece\/wp-json\/wp\/v2\/types\/navrhy"}],"replies":[{"embeddable":true,"href":"https:\/\/www.participativni-rozpocet.cz\/hustopece\/wp-json\/wp\/v2\/comments?post=7086"}],"wp:featuredmedia":[{"embeddable":true,"href":"https:\/\/www.participativni-rozpocet.cz\/hustopece\/wp-json\/wp\/v2\/media\/7078"}],"wp:attachment":[{"href":"https:\/\/www.participativni-rozpocet.cz\/hustopece\/wp-json\/wp\/v2\/media?parent=7086"}],"wp:term":[{"taxonomy":"status_navrhu","embeddable":true,"href":"https:\/\/www.participativni-rozpocet.cz\/hustopece\/wp-json\/wp\/v2\/status_navrhu?post=7086"},{"taxonomy":"rocnik","embeddable":true,"href":"https:\/\/www.participativni-rozpocet.cz\/hustopece\/wp-json\/wp\/v2\/rocnik?post=7086"}],"curies":[{"name":"wp","href":"https:\/\/api.w.org\/{rel}","templated":true}]}}