{"version":"1.0","provider_name":"\u010cesk\u00fd Brod - Bro\u010f\u00e1ci Brodu","provider_url":"https:\/\/www.participativni-rozpocet.cz\/ceskybrod","author_name":"koordin\u00e1torka Brod","author_url":"https:\/\/www.participativni-rozpocet.cz\/ceskybrod\/author\/havlova\/","title":"P\u0159edstavili jsme n\u00e1vrhy 2023 - \u010cesk\u00fd Brod - Bro\u010f\u00e1ci Brodu","type":"rich","width":600,"height":338,"html":"<blockquote class=\"wp-embedded-content\" data-secret=\"iS4awj3cE8\"><a href=\"https:\/\/www.participativni-rozpocet.cz\/ceskybrod\/aktuality\/predstavili-jsme-navrhy-2023\/\">P\u0159edstavili jsme n\u00e1vrhy 2023<\/a><\/blockquote><iframe sandbox=\"allow-scripts\" security=\"restricted\" src=\"https:\/\/www.participativni-rozpocet.cz\/ceskybrod\/aktuality\/predstavili-jsme-navrhy-2023\/embed\/#?secret=iS4awj3cE8\" width=\"600\" height=\"338\" title=\"&#8222;P\u0159edstavili jsme n\u00e1vrhy 2023&#8220; &#8212; \u010cesk\u00fd Brod - Bro\u010f\u00e1ci Brodu\" data-secret=\"iS4awj3cE8\" frameborder=\"0\" marginwidth=\"0\" marginheight=\"0\" scrolling=\"no\" class=\"wp-embedded-content\"><\/iframe><script>\n\/*! This file is auto-generated *\/\n!function(d,l){\"use strict\";l.querySelector&&d.addEventListener&&\"undefined\"!=typeof URL&&(d.wp=d.wp||{},d.wp.receiveEmbedMessage||(d.wp.receiveEmbedMessage=function(e){var t=e.data;if((t||t.secret||t.message||t.value)&&!\/[^a-zA-Z0-9]\/.test(t.secret)){for(var s,r,n,a=l.querySelectorAll('iframe[data-secret=\"'+t.secret+'\"]'),o=l.querySelectorAll('blockquote[data-secret=\"'+t.secret+'\"]'),c=new RegExp(\"^https?:$\",\"i\"),i=0;i<o.length;i++)o[i].style.display=\"none\";for(i=0;i<a.length;i++)s=a[i],e.source===s.contentWindow&&(s.removeAttribute(\"style\"),\"height\"===t.message?(1e3<(r=parseInt(t.value,10))?r=1e3:~~r<200&&(r=200),s.height=r):\"link\"===t.message&&(r=new URL(s.getAttribute(\"src\")),n=new URL(t.value),c.test(n.protocol))&&n.host===r.host&&l.activeElement===s&&(d.top.location.href=t.value))}},d.addEventListener(\"message\",d.wp.receiveEmbedMessage,!1),l.addEventListener(\"DOMContentLoaded\",function(){for(var e,t,s=l.querySelectorAll(\"iframe.wp-embedded-content\"),r=0;r<s.length;r++)(t=(e=s[r]).getAttribute(\"data-secret\"))||(t=Math.random().toString(36).substring(2,12),e.src+=\"#?secret=\"+t,e.setAttribute(\"data-secret\",t)),e.contentWindow.postMessage({message:\"ready\",secret:t},\"*\")},!1)))}(window,document);\n<\/script>\n","thumbnail_url":"https:\/\/www.participativni-rozpocet.cz\/ceskybrod\/wp-content\/uploads\/sites\/44\/2023\/05\/auditorium-2816353_1280.jpg","thumbnail_width":1280,"thumbnail_height":853,"description":"V \u00fater\u00fd 2. 5. 2023 se od 17:30 hodin konalo v KD Sv\u011bt ve\u0159ejn\u00e9 setk\u00e1n\u00ed a diskuze s navrhovateli projekt\u016f, kter\u00e9 byly pod\u00e1ny v r\u00e1mci participativn\u00edho rozpo\u010dtu Bro\u010f\u00e1ci Brodu. B\u011bhem diskuze nevze\u0161ly \u017e\u00e1dn\u00e9 z\u00e1sadn\u00ed podn\u011bty vedouc\u00ed ke zm\u011bn\u011b ji\u017e podan\u00fdch n\u00e1vrh\u016f. P\u0159ev\u00e1\u017en\u00e1 \u010d\u00e1st z nich nyn\u00ed \u010dek\u00e1 na posouzen\u00ed dot\u010den\u00fdmi org\u00e1ny. D\u011bkujeme v\u0161em z\u00fa\u010dastn\u011bn\u00fdm za [&hellip;]"}