{"id":7557,"date":"2023-05-02T11:54:14","date_gmt":"2023-05-02T09:54:14","guid":{"rendered":"https:\/\/www.participativni-rozpocet.cz\/kolin\/?post_type=navrhy&#038;p=7557"},"modified":"2025-03-24T11:35:42","modified_gmt":"2025-03-24T10:35:42","slug":"informacni-navestidla-k-semaforum-na-hlavnim-tahu","status":"publish","type":"navrhy","link":"http:\/\/www.participativni-rozpocet.cz\/kolin\/navrhy\/informacni-navestidla-k-semaforum-na-hlavnim-tahu\/","title":{"rendered":"Informa\u010dn\u00ed n\u00e1v\u011bstidla k semafor\u016fm na hlavn\u00edm tahu"},"featured_media":7550,"comment_status":"open","ping_status":"closed","template":"","meta":{"_acf_changed":false},"status_navrhu":[35],"rocnik":[82],"class_list":["post-7557","navrhy","type-navrhy","status-publish","has-post-thumbnail","hentry","status_navrhu-hotovy","rocnik-82"],"acf":[],"yoast_head":"<!-- This site is optimized with the Yoast SEO plugin v24.2 - https:\/\/yoast.com\/wordpress\/plugins\/seo\/ -->\n<title>Informa\u010dn\u00ed n\u00e1v\u011bstidla k semafor\u016fm na hlavn\u00edm tahu - Kol\u00edn<\/title>\n<meta name=\"robots\" content=\"index, follow, max-snippet:-1, max-image-preview:large, max-video-preview:-1\" \/>\n<meta property=\"og:locale\" content=\"cs_CZ\" \/>\n<meta property=\"og:type\" content=\"article\" \/>\n<meta property=\"og:title\" content=\"Informa\u010dn\u00ed n\u00e1v\u011bstidla k semafor\u016fm na hlavn\u00edm tahu - Kol\u00edn\" \/>\n<meta property=\"og:description\" content=\"Jedn\u00e1 se o p\u0159id\u00e1n\u00ed informa\u010dn\u00edho n\u00e1v\u011bstidla na semaforovou soustavu k st\u00e1vaj\u00edc\u00edmu stavu. Informace pro \u0159idi\u010de pro plynulej\u0161\u00ed dojezd do k\u0159i\u017eovatky a rozjezd n\u00e1sledn\u011b z n\u00ed. Informa\u010dn\u00ed n\u00e1v\u011bstidlo ukazuje odpo\u010det \u010dasu pro zelenou vlnu. N\u00e1sledn\u011b se zbarv\u00ed na \u010dervenou a ode\u010d\u00edt\u00e1 dobu zastaven\u00ed.\" \/>\n<meta property=\"og:url\" content=\"https:\/\/www.participativni-rozpocet.cz\/kolin\/navrhy\/informacni-navestidla-k-semaforum-na-hlavnim-tahu\/\" \/>\n<meta property=\"og:site_name\" content=\"Kol\u00edn\" \/>\n<meta property=\"article:modified_time\" content=\"2025-03-24T10:35:42+00:00\" \/>\n<meta property=\"og:image\" content=\"https:\/\/www.participativni-rozpocet.cz\/kolin\/wp-content\/uploads\/sites\/60\/2023\/05\/navestidlo-zelena.jpg\" \/>\n\t<meta property=\"og:image:width\" content=\"900\" \/>\n\t<meta property=\"og:image:height\" content=\"1264\" \/>\n\t<meta property=\"og:image:type\" content=\"image\/jpeg\" \/>\n<meta name=\"twitter:card\" content=\"summary_large_image\" \/>\n<script type=\"application\/ld+json\" class=\"yoast-schema-graph\">{\"@context\":\"https:\/\/schema.org\",\"@graph\":[{\"@type\":\"WebPage\",\"@id\":\"https:\/\/www.participativni-rozpocet.cz\/kolin\/navrhy\/informacni-navestidla-k-semaforum-na-hlavnim-tahu\/\",\"url\":\"https:\/\/www.participativni-rozpocet.cz\/kolin\/navrhy\/informacni-navestidla-k-semaforum-na-hlavnim-tahu\/\",\"name\":\"Informa\u010dn\u00ed n\u00e1v\u011bstidla k semafor\u016fm na hlavn\u00edm tahu - Kol\u00edn\",\"isPartOf\":{\"@id\":\"https:\/\/www.participativni-rozpocet.cz\/kolin\/#website\"},\"primaryImageOfPage\":{\"@id\":\"https:\/\/www.participativni-rozpocet.cz\/kolin\/navrhy\/informacni-navestidla-k-semaforum-na-hlavnim-tahu\/#primaryimage\"},\"image\":{\"@id\":\"https:\/\/www.participativni-rozpocet.cz\/kolin\/navrhy\/informacni-navestidla-k-semaforum-na-hlavnim-tahu\/#primaryimage\"},\"thumbnailUrl\":\"http:\/\/www.participativni-rozpocet.cz\/kolin\/wp-content\/uploads\/sites\/60\/2023\/05\/navestidlo-zelena.jpg\",\"datePublished\":\"2023-05-02T09:54:14+00:00\",\"dateModified\":\"2025-03-24T10:35:42+00:00\",\"breadcrumb\":{\"@id\":\"https:\/\/www.participativni-rozpocet.cz\/kolin\/navrhy\/informacni-navestidla-k-semaforum-na-hlavnim-tahu\/#breadcrumb\"},\"inLanguage\":\"cs\",\"potentialAction\":[{\"@type\":\"ReadAction\",\"target\":[\"https:\/\/www.participativni-rozpocet.cz\/kolin\/navrhy\/informacni-navestidla-k-semaforum-na-hlavnim-tahu\/\"]}]},{\"@type\":\"ImageObject\",\"inLanguage\":\"cs\",\"@id\":\"https:\/\/www.participativni-rozpocet.cz\/kolin\/navrhy\/informacni-navestidla-k-semaforum-na-hlavnim-tahu\/#primaryimage\",\"url\":\"http:\/\/www.participativni-rozpocet.cz\/kolin\/wp-content\/uploads\/sites\/60\/2023\/05\/navestidlo-zelena.jpg\",\"contentUrl\":\"http:\/\/www.participativni-rozpocet.cz\/kolin\/wp-content\/uploads\/sites\/60\/2023\/05\/navestidlo-zelena.jpg\",\"width\":900,\"height\":1264},{\"@type\":\"BreadcrumbList\",\"@id\":\"https:\/\/www.participativni-rozpocet.cz\/kolin\/navrhy\/informacni-navestidla-k-semaforum-na-hlavnim-tahu\/#breadcrumb\",\"itemListElement\":[{\"@type\":\"ListItem\",\"position\":1,\"name\":\"Dom\u016f\",\"item\":\"https:\/\/www.participativni-rozpocet.cz\/kolin\/\"},{\"@type\":\"ListItem\",\"position\":2,\"name\":\"N\u00e1vrhy\",\"item\":\"https:\/\/www.participativni-rozpocet.cz\/kolin\/navrhy\/\"},{\"@type\":\"ListItem\",\"position\":3,\"name\":\"Informa\u010dn\u00ed n\u00e1v\u011bstidla k semafor\u016fm na hlavn\u00edm tahu\"}]},{\"@type\":\"WebSite\",\"@id\":\"https:\/\/www.participativni-rozpocet.cz\/kolin\/#website\",\"url\":\"https:\/\/www.participativni-rozpocet.cz\/kolin\/\",\"name\":\"Kol\u00edn\",\"description\":\"Participativn\u00ed rozpo\u010det m\u011bsta\",\"publisher\":{\"@id\":\"https:\/\/www.participativni-rozpocet.cz\/kolin\/#organization\"},\"potentialAction\":[{\"@type\":\"SearchAction\",\"target\":{\"@type\":\"EntryPoint\",\"urlTemplate\":\"https:\/\/www.participativni-rozpocet.cz\/kolin\/?s={search_term_string}\"},\"query-input\":{\"@type\":\"PropertyValueSpecification\",\"valueRequired\":true,\"valueName\":\"search_term_string\"}}],\"inLanguage\":\"cs\"},{\"@type\":\"Organization\",\"@id\":\"https:\/\/www.participativni-rozpocet.cz\/kolin\/#organization\",\"name\":\"Kol\u00edn\",\"url\":\"https:\/\/www.participativni-rozpocet.cz\/kolin\/\",\"logo\":{\"@type\":\"ImageObject\",\"inLanguage\":\"cs\",\"@id\":\"https:\/\/www.participativni-rozpocet.cz\/kolin\/#\/schema\/logo\/image\/\",\"url\":\"http:\/\/www.participativni-rozpocet.cz\/kolin\/wp-content\/uploads\/sites\/60\/2023\/03\/cropped-logo_kolin-02.png\",\"contentUrl\":\"http:\/\/www.participativni-rozpocet.cz\/kolin\/wp-content\/uploads\/sites\/60\/2023\/03\/cropped-logo_kolin-02.png\",\"width\":4726,\"height\":1260,\"caption\":\"Kol\u00edn\"},\"image\":{\"@id\":\"https:\/\/www.participativni-rozpocet.cz\/kolin\/#\/schema\/logo\/image\/\"}}]}<\/script>\n<!-- \/ Yoast SEO plugin. -->","yoast_head_json":{"title":"Informa\u010dn\u00ed n\u00e1v\u011bstidla k semafor\u016fm na hlavn\u00edm tahu - Kol\u00edn","robots":{"index":"index","follow":"follow","max-snippet":"max-snippet:-1","max-image-preview":"max-image-preview:large","max-video-preview":"max-video-preview:-1"},"og_locale":"cs_CZ","og_type":"article","og_title":"Informa\u010dn\u00ed n\u00e1v\u011bstidla k semafor\u016fm na hlavn\u00edm tahu - Kol\u00edn","og_description":"Jedn\u00e1 se o p\u0159id\u00e1n\u00ed informa\u010dn\u00edho n\u00e1v\u011bstidla na semaforovou soustavu k st\u00e1vaj\u00edc\u00edmu stavu. Informace pro \u0159idi\u010de pro plynulej\u0161\u00ed dojezd do k\u0159i\u017eovatky a rozjezd n\u00e1sledn\u011b z n\u00ed. Informa\u010dn\u00ed n\u00e1v\u011bstidlo ukazuje odpo\u010det \u010dasu pro zelenou vlnu. N\u00e1sledn\u011b se zbarv\u00ed na \u010dervenou a ode\u010d\u00edt\u00e1 dobu zastaven\u00ed.","og_url":"https:\/\/www.participativni-rozpocet.cz\/kolin\/navrhy\/informacni-navestidla-k-semaforum-na-hlavnim-tahu\/","og_site_name":"Kol\u00edn","article_modified_time":"2025-03-24T10:35:42+00:00","og_image":[{"width":900,"height":1264,"url":"https:\/\/www.participativni-rozpocet.cz\/kolin\/wp-content\/uploads\/sites\/60\/2023\/05\/navestidlo-zelena.jpg","type":"image\/jpeg"}],"twitter_card":"summary_large_image","schema":{"@context":"https:\/\/schema.org","@graph":[{"@type":"WebPage","@id":"https:\/\/www.participativni-rozpocet.cz\/kolin\/navrhy\/informacni-navestidla-k-semaforum-na-hlavnim-tahu\/","url":"https:\/\/www.participativni-rozpocet.cz\/kolin\/navrhy\/informacni-navestidla-k-semaforum-na-hlavnim-tahu\/","name":"Informa\u010dn\u00ed n\u00e1v\u011bstidla k semafor\u016fm na hlavn\u00edm tahu - Kol\u00edn","isPartOf":{"@id":"https:\/\/www.participativni-rozpocet.cz\/kolin\/#website"},"primaryImageOfPage":{"@id":"https:\/\/www.participativni-rozpocet.cz\/kolin\/navrhy\/informacni-navestidla-k-semaforum-na-hlavnim-tahu\/#primaryimage"},"image":{"@id":"https:\/\/www.participativni-rozpocet.cz\/kolin\/navrhy\/informacni-navestidla-k-semaforum-na-hlavnim-tahu\/#primaryimage"},"thumbnailUrl":"http:\/\/www.participativni-rozpocet.cz\/kolin\/wp-content\/uploads\/sites\/60\/2023\/05\/navestidlo-zelena.jpg","datePublished":"2023-05-02T09:54:14+00:00","dateModified":"2025-03-24T10:35:42+00:00","breadcrumb":{"@id":"https:\/\/www.participativni-rozpocet.cz\/kolin\/navrhy\/informacni-navestidla-k-semaforum-na-hlavnim-tahu\/#breadcrumb"},"inLanguage":"cs","potentialAction":[{"@type":"ReadAction","target":["https:\/\/www.participativni-rozpocet.cz\/kolin\/navrhy\/informacni-navestidla-k-semaforum-na-hlavnim-tahu\/"]}]},{"@type":"ImageObject","inLanguage":"cs","@id":"https:\/\/www.participativni-rozpocet.cz\/kolin\/navrhy\/informacni-navestidla-k-semaforum-na-hlavnim-tahu\/#primaryimage","url":"http:\/\/www.participativni-rozpocet.cz\/kolin\/wp-content\/uploads\/sites\/60\/2023\/05\/navestidlo-zelena.jpg","contentUrl":"http:\/\/www.participativni-rozpocet.cz\/kolin\/wp-content\/uploads\/sites\/60\/2023\/05\/navestidlo-zelena.jpg","width":900,"height":1264},{"@type":"BreadcrumbList","@id":"https:\/\/www.participativni-rozpocet.cz\/kolin\/navrhy\/informacni-navestidla-k-semaforum-na-hlavnim-tahu\/#breadcrumb","itemListElement":[{"@type":"ListItem","position":1,"name":"Dom\u016f","item":"https:\/\/www.participativni-rozpocet.cz\/kolin\/"},{"@type":"ListItem","position":2,"name":"N\u00e1vrhy","item":"https:\/\/www.participativni-rozpocet.cz\/kolin\/navrhy\/"},{"@type":"ListItem","position":3,"name":"Informa\u010dn\u00ed n\u00e1v\u011bstidla k semafor\u016fm na hlavn\u00edm tahu"}]},{"@type":"WebSite","@id":"https:\/\/www.participativni-rozpocet.cz\/kolin\/#website","url":"https:\/\/www.participativni-rozpocet.cz\/kolin\/","name":"Kol\u00edn","description":"Participativn\u00ed rozpo\u010det m\u011bsta","publisher":{"@id":"https:\/\/www.participativni-rozpocet.cz\/kolin\/#organization"},"potentialAction":[{"@type":"SearchAction","target":{"@type":"EntryPoint","urlTemplate":"https:\/\/www.participativni-rozpocet.cz\/kolin\/?s={search_term_string}"},"query-input":{"@type":"PropertyValueSpecification","valueRequired":true,"valueName":"search_term_string"}}],"inLanguage":"cs"},{"@type":"Organization","@id":"https:\/\/www.participativni-rozpocet.cz\/kolin\/#organization","name":"Kol\u00edn","url":"https:\/\/www.participativni-rozpocet.cz\/kolin\/","logo":{"@type":"ImageObject","inLanguage":"cs","@id":"https:\/\/www.participativni-rozpocet.cz\/kolin\/#\/schema\/logo\/image\/","url":"http:\/\/www.participativni-rozpocet.cz\/kolin\/wp-content\/uploads\/sites\/60\/2023\/03\/cropped-logo_kolin-02.png","contentUrl":"http:\/\/www.participativni-rozpocet.cz\/kolin\/wp-content\/uploads\/sites\/60\/2023\/03\/cropped-logo_kolin-02.png","width":4726,"height":1260,"caption":"Kol\u00edn"},"image":{"@id":"https:\/\/www.participativni-rozpocet.cz\/kolin\/#\/schema\/logo\/image\/"}}]}},"_links":{"self":[{"href":"http:\/\/www.participativni-rozpocet.cz\/kolin\/wp-json\/wp\/v2\/navrhy\/7557","targetHints":{"allow":["GET"]}}],"collection":[{"href":"http:\/\/www.participativni-rozpocet.cz\/kolin\/wp-json\/wp\/v2\/navrhy"}],"about":[{"href":"http:\/\/www.participativni-rozpocet.cz\/kolin\/wp-json\/wp\/v2\/types\/navrhy"}],"replies":[{"embeddable":true,"href":"http:\/\/www.participativni-rozpocet.cz\/kolin\/wp-json\/wp\/v2\/comments?post=7557"}],"wp:featuredmedia":[{"embeddable":true,"href":"http:\/\/www.participativni-rozpocet.cz\/kolin\/wp-json\/wp\/v2\/media\/7550"}],"wp:attachment":[{"href":"http:\/\/www.participativni-rozpocet.cz\/kolin\/wp-json\/wp\/v2\/media?parent=7557"}],"wp:term":[{"taxonomy":"status_navrhu","embeddable":true,"href":"http:\/\/www.participativni-rozpocet.cz\/kolin\/wp-json\/wp\/v2\/status_navrhu?post=7557"},{"taxonomy":"rocnik","embeddable":true,"href":"http:\/\/www.participativni-rozpocet.cz\/kolin\/wp-json\/wp\/v2\/rocnik?post=7557"}],"curies":[{"name":"wp","href":"https:\/\/api.w.org\/{rel}","templated":true}]}}