{"id":9338,"date":"2025-07-07T11:21:19","date_gmt":"2025-07-07T09:21:19","guid":{"rendered":"https:\/\/www.participativni-rozpocet.cz\/kolin\/?post_type=aktuality&#038;p=9338"},"modified":"2025-07-07T13:34:17","modified_gmt":"2025-07-07T11:34:17","slug":"vsechny-navrhy-jsou-zverejneny","status":"publish","type":"aktuality","link":"http:\/\/www.participativni-rozpocet.cz\/kolin\/aktuality\/vsechny-navrhy-jsou-zverejneny\/","title":{"rendered":"V\u0161echny n\u00e1vrhy jsou zve\u0159ejn\u011bny &#8211; je jich 73"},"content":{"rendered":"<p>V\u0161echny n\u00e1vrhy pro 2. ro\u010dn\u00edk participativn\u00edho rozpo\u010dtu jsou <a href=\"https:\/\/www.participativni-rozpocet.cz\/kolin\/aktuality\/dekujeme-za-vase-navrhy\/\">zpracov\u00e1ny<\/a> a zve\u0159ejn\u011bny &#8211; celkem je jich 73. Najdete je v <a href=\"https:\/\/www.participativni-rozpocet.cz\/kolin\/galerie-navrhu\/\">galerii<\/a>, kde si m\u016f\u017eete prohl\u00e9dnout jak leto\u0161n\u00ed n\u00e1vrhy, tak i ty z 1. ro\u010dn\u00edku v roce 2023. K orientaci v\u00e1m pom\u016f\u017eou filtry nad fotografiemi n\u00e1vrh\u016f.<\/p>\n<p>N\u011bkter\u00e9 n\u00e1vrhy m\u00ed\u0159\u00ed na stejn\u00e9 m\u00edsto a navrhuj\u00ed p\u0159ibli\u017en\u011b tot\u00e9\u017e &#8211; nap\u0159. workoutov\u00e1 h\u0159i\u0161t\u011b (\u010d. <a href=\"https:\/\/www.participativni-rozpocet.cz\/kolin\/navrhy\/nove-workoutove-hriste-pro-kolin\/\">5<\/a>, <a href=\"https:\/\/www.participativni-rozpocet.cz\/kolin\/navrhy\/rekonstrukce-nove-workoutove-hriste\/\">13<\/a> i\u00a0<a href=\"https:\/\/www.participativni-rozpocet.cz\/kolin\/navrhy\/cvicebni-zazemi-pro-kolin\/\">14)<\/a>\u00a0 nebo zele\u0148 na n\u00e1m\u011bst\u00ed (\u010d. <a href=\"https:\/\/www.participativni-rozpocet.cz\/kolin\/navrhy\/rozkvetle-mesto\/\">22<\/a> a <a href=\"https:\/\/www.participativni-rozpocet.cz\/kolin\/navrhy\/mobilni-zelen-na-kolinskem-namesti\/\">40<\/a>) . Po dohod\u011b s autory se budeme sna\u017eit o slou\u010den\u00ed takov\u00fdch n\u00e1vrh\u016f do jednoho, aby se p\u0159i hlasov\u00e1n\u00ed zbyte\u010dn\u011b net\u0159\u00ed\u0161tily hlasy.<br \/>\nV\u0161echny n\u00e1vrhy z leto\u0161n\u00edho ro\u010dn\u00edku nesou ozna\u010den\u00ed <strong data-start=\"337\" data-end=\"378\">\u201e\u010cek\u00e1 na posouzen\u00ed realizovatelnosti\u201c<\/strong>. Toto posouzen\u00ed prob\u011bhne b\u011bhem l\u00e9ta. U n\u011bkter\u00fdch n\u00e1vrh\u016f m\u016f\u017ee na z\u00e1klad\u011b p\u0159ipom\u00ednek z posuzov\u00e1n\u00ed realizovatelnosti doj\u00edt je\u0161t\u011b k \u00faprav\u00e1m \u2013 t\u00e9\u017e v\u017edy po dohod\u011b s autorem. N\u00e1vrhy, kter\u00e9 budou vyhodnoceny jako realizovateln\u00e9, postoup\u00ed do podzimn\u00edho hlasov\u00e1n\u00ed. Cel\u00fd proces si m\u016f\u017eete prohl\u00e9dnout na \u00favodn\u00edm obr\u00e1zku.<\/p>\n<p>Letos jsou n\u00e1vrhy obohaceny o nov\u00fd prvek &#8211; <strong>obr\u00e1zky<\/strong> generovan\u00e9 nebo upraven\u00e9 um\u011blou inteligenc\u00ed (AI). V\u011bt\u0161inou ukazuj\u00ed <strong>vysn\u011bn\u00fd c\u00edlov\u00fd stav, <\/strong>maj\u00ed slou\u017eit k lep\u0161\u00ed p\u0159edstav\u011b o mo\u017en\u00e9m v\u00fdsledku a nejde o z\u00e1vazn\u00fd n\u00e1vrh realizace. Obr\u00e1zky generovan\u00e9 AI v\u011bt\u0161inou pozn\u00e1te podle jist\u00e9 rozost\u0159enosti nebo snov\u00e9ho dojmu. Pod\u00edvejte se nap\u0159. na n\u00e1vrhy \u010d. <a href=\"https:\/\/www.participativni-rozpocet.cz\/kolin\/navrhy\/lavicka-frantiska-kmocha\/\">17<\/a>, <a href=\"https:\/\/www.participativni-rozpocet.cz\/kolin\/navrhy\/revitalizace-zastavky-masarykova-ii-nove-ohranicene-zahony-a-mlatova-cesta\/\">41<\/a> nebo <a href=\"https:\/\/www.participativni-rozpocet.cz\/kolin\/navrhy\/snizeni-holubi-populace\/\">65<\/a>.<\/p>\n<p><strong>Hlasov\u00e1n\u00ed<\/strong> o n\u00e1vrz\u00edch prob\u011bhne v \u0159\u00edjnu. Ob\u010dan\u00e9 Kol\u00edna v n\u011bm rozhodnou, kter\u00e9 n\u00e1vrhy se prom\u011bn\u00ed ve skute\u010dnost. O v\u0161em v\u00e1s budeme v\u010das informovat \u2013 zde i na webov\u00fdch str\u00e1nk\u00e1ch a soci\u00e1ln\u00edch s\u00edt\u00edch m\u011bsta.<\/p>\n<p>Chcete dost\u00e1vat aktu\u00e1ln\u00ed informace o Vyla\u010f Kol\u00edn p\u0159\u00edmo do mailu? <a href=\"https:\/\/docs.google.com\/forms\/d\/1f9paRxuyRZJIZhPj4OW4JNB8H48O-jZdjWtNP-RHbNI\/viewform?edit_requested=true\">P\u0159ihlaste se<\/a> k odb\u011bru novinek.<\/p>\n<p>V\u00e1\u0161 t\u00fdm Vyla\u010f Kol\u00edn<\/p>\n","protected":false},"featured_media":9341,"menu_order":0,"comment_status":"open","ping_status":"closed","template":"","druhy_aktualit":[],"class_list":["post-9338","aktuality","type-aktuality","status-publish","has-post-thumbnail","hentry"],"acf":[],"yoast_head":"<!-- This site is optimized with the Yoast SEO plugin v24.2 - https:\/\/yoast.com\/wordpress\/plugins\/seo\/ -->\n<title>V\u0161echny n\u00e1vrhy jsou zve\u0159ejn\u011bny - je jich 73 - Kol\u00edn<\/title>\n<meta name=\"robots\" content=\"index, follow, max-snippet:-1, max-image-preview:large, max-video-preview:-1\" \/>\n<meta property=\"og:locale\" content=\"cs_CZ\" \/>\n<meta property=\"og:type\" content=\"article\" \/>\n<meta property=\"og:title\" content=\"V\u0161echny n\u00e1vrhy jsou zve\u0159ejn\u011bny - je jich 73 - Kol\u00edn\" \/>\n<meta property=\"og:description\" content=\"V\u0161echny n\u00e1vrhy pro 2. ro\u010dn\u00edk participativn\u00edho rozpo\u010dtu jsou zpracov\u00e1ny a zve\u0159ejn\u011bny &#8211; celkem je jich 73. Najdete je v galerii, kde si m\u016f\u017eete prohl\u00e9dnout jak leto\u0161n\u00ed n\u00e1vrhy, tak i ty z 1. ro\u010dn\u00edku v roce 2023. K orientaci v\u00e1m pom\u016f\u017eou filtry nad fotografiemi n\u00e1vrh\u016f. N\u011bkter\u00e9 n\u00e1vrhy m\u00ed\u0159\u00ed na stejn\u00e9 m\u00edsto a navrhuj\u00ed p\u0159ibli\u017en\u011b tot\u00e9\u017e &#8211; [&hellip;]\" \/>\n<meta property=\"og:url\" content=\"http:\/\/www.participativni-rozpocet.cz\/kolin\/aktuality\/vsechny-navrhy-jsou-zverejneny\/\" \/>\n<meta property=\"og:site_name\" content=\"Kol\u00edn\" \/>\n<meta property=\"article:modified_time\" content=\"2025-07-07T11:34:17+00:00\" \/>\n<meta property=\"og:image\" content=\"http:\/\/www.participativni-rozpocet.cz\/kolin\/wp-content\/uploads\/sites\/60\/2025\/07\/proces-orgpad-2.png\" \/>\n\t<meta property=\"og:image:width\" content=\"1350\" \/>\n\t<meta property=\"og:image:height\" content=\"773\" \/>\n\t<meta property=\"og:image:type\" content=\"image\/png\" \/>\n<meta name=\"twitter:card\" content=\"summary_large_image\" \/>\n<meta name=\"twitter:label1\" content=\"Odhadovan\u00e1 doba \u010dten\u00ed\" \/>\n\t<meta name=\"twitter:data1\" content=\"2 minuty\" \/>\n<script type=\"application\/ld+json\" class=\"yoast-schema-graph\">{\"@context\":\"https:\/\/schema.org\",\"@graph\":[{\"@type\":\"WebPage\",\"@id\":\"http:\/\/www.participativni-rozpocet.cz\/kolin\/aktuality\/vsechny-navrhy-jsou-zverejneny\/\",\"url\":\"http:\/\/www.participativni-rozpocet.cz\/kolin\/aktuality\/vsechny-navrhy-jsou-zverejneny\/\",\"name\":\"V\u0161echny n\u00e1vrhy jsou zve\u0159ejn\u011bny - je jich 73 - Kol\u00edn\",\"isPartOf\":{\"@id\":\"https:\/\/www.participativni-rozpocet.cz\/kolin\/#website\"},\"primaryImageOfPage\":{\"@id\":\"http:\/\/www.participativni-rozpocet.cz\/kolin\/aktuality\/vsechny-navrhy-jsou-zverejneny\/#primaryimage\"},\"image\":{\"@id\":\"http:\/\/www.participativni-rozpocet.cz\/kolin\/aktuality\/vsechny-navrhy-jsou-zverejneny\/#primaryimage\"},\"thumbnailUrl\":\"http:\/\/www.participativni-rozpocet.cz\/kolin\/wp-content\/uploads\/sites\/60\/2025\/07\/proces-orgpad-2.png\",\"datePublished\":\"2025-07-07T09:21:19+00:00\",\"dateModified\":\"2025-07-07T11:34:17+00:00\",\"breadcrumb\":{\"@id\":\"http:\/\/www.participativni-rozpocet.cz\/kolin\/aktuality\/vsechny-navrhy-jsou-zverejneny\/#breadcrumb\"},\"inLanguage\":\"cs\",\"potentialAction\":[{\"@type\":\"ReadAction\",\"target\":[\"http:\/\/www.participativni-rozpocet.cz\/kolin\/aktuality\/vsechny-navrhy-jsou-zverejneny\/\"]}]},{\"@type\":\"ImageObject\",\"inLanguage\":\"cs\",\"@id\":\"http:\/\/www.participativni-rozpocet.cz\/kolin\/aktuality\/vsechny-navrhy-jsou-zverejneny\/#primaryimage\",\"url\":\"http:\/\/www.participativni-rozpocet.cz\/kolin\/wp-content\/uploads\/sites\/60\/2025\/07\/proces-orgpad-2.png\",\"contentUrl\":\"http:\/\/www.participativni-rozpocet.cz\/kolin\/wp-content\/uploads\/sites\/60\/2025\/07\/proces-orgpad-2.png\",\"width\":1350,\"height\":773},{\"@type\":\"BreadcrumbList\",\"@id\":\"http:\/\/www.participativni-rozpocet.cz\/kolin\/aktuality\/vsechny-navrhy-jsou-zverejneny\/#breadcrumb\",\"itemListElement\":[{\"@type\":\"ListItem\",\"position\":1,\"name\":\"Dom\u016f\",\"item\":\"https:\/\/www.participativni-rozpocet.cz\/kolin\/\"},{\"@type\":\"ListItem\",\"position\":2,\"name\":\"V\u0161echny n\u00e1vrhy jsou zve\u0159ejn\u011bny &#8211; je jich 73\"}]},{\"@type\":\"WebSite\",\"@id\":\"https:\/\/www.participativni-rozpocet.cz\/kolin\/#website\",\"url\":\"https:\/\/www.participativni-rozpocet.cz\/kolin\/\",\"name\":\"Kol\u00edn\",\"description\":\"Participativn\u00ed rozpo\u010det m\u011bsta\",\"publisher\":{\"@id\":\"https:\/\/www.participativni-rozpocet.cz\/kolin\/#organization\"},\"potentialAction\":[{\"@type\":\"SearchAction\",\"target\":{\"@type\":\"EntryPoint\",\"urlTemplate\":\"https:\/\/www.participativni-rozpocet.cz\/kolin\/?s={search_term_string}\"},\"query-input\":{\"@type\":\"PropertyValueSpecification\",\"valueRequired\":true,\"valueName\":\"search_term_string\"}}],\"inLanguage\":\"cs\"},{\"@type\":\"Organization\",\"@id\":\"https:\/\/www.participativni-rozpocet.cz\/kolin\/#organization\",\"name\":\"Kol\u00edn\",\"url\":\"https:\/\/www.participativni-rozpocet.cz\/kolin\/\",\"logo\":{\"@type\":\"ImageObject\",\"inLanguage\":\"cs\",\"@id\":\"https:\/\/www.participativni-rozpocet.cz\/kolin\/#\/schema\/logo\/image\/\",\"url\":\"http:\/\/www.participativni-rozpocet.cz\/kolin\/wp-content\/uploads\/sites\/60\/2023\/03\/cropped-logo_kolin-02.png\",\"contentUrl\":\"http:\/\/www.participativni-rozpocet.cz\/kolin\/wp-content\/uploads\/sites\/60\/2023\/03\/cropped-logo_kolin-02.png\",\"width\":4726,\"height\":1260,\"caption\":\"Kol\u00edn\"},\"image\":{\"@id\":\"https:\/\/www.participativni-rozpocet.cz\/kolin\/#\/schema\/logo\/image\/\"}}]}<\/script>\n<!-- \/ Yoast SEO plugin. -->","yoast_head_json":{"title":"V\u0161echny n\u00e1vrhy jsou zve\u0159ejn\u011bny - je jich 73 - Kol\u00edn","robots":{"index":"index","follow":"follow","max-snippet":"max-snippet:-1","max-image-preview":"max-image-preview:large","max-video-preview":"max-video-preview:-1"},"og_locale":"cs_CZ","og_type":"article","og_title":"V\u0161echny n\u00e1vrhy jsou zve\u0159ejn\u011bny - je jich 73 - Kol\u00edn","og_description":"V\u0161echny n\u00e1vrhy pro 2. ro\u010dn\u00edk participativn\u00edho rozpo\u010dtu jsou zpracov\u00e1ny a zve\u0159ejn\u011bny &#8211; celkem je jich 73. Najdete je v galerii, kde si m\u016f\u017eete prohl\u00e9dnout jak leto\u0161n\u00ed n\u00e1vrhy, tak i ty z 1. ro\u010dn\u00edku v roce 2023. K orientaci v\u00e1m pom\u016f\u017eou filtry nad fotografiemi n\u00e1vrh\u016f. N\u011bkter\u00e9 n\u00e1vrhy m\u00ed\u0159\u00ed na stejn\u00e9 m\u00edsto a navrhuj\u00ed p\u0159ibli\u017en\u011b tot\u00e9\u017e &#8211; [&hellip;]","og_url":"http:\/\/www.participativni-rozpocet.cz\/kolin\/aktuality\/vsechny-navrhy-jsou-zverejneny\/","og_site_name":"Kol\u00edn","article_modified_time":"2025-07-07T11:34:17+00:00","og_image":[{"width":1350,"height":773,"url":"http:\/\/www.participativni-rozpocet.cz\/kolin\/wp-content\/uploads\/sites\/60\/2025\/07\/proces-orgpad-2.png","type":"image\/png"}],"twitter_card":"summary_large_image","twitter_misc":{"Odhadovan\u00e1 doba \u010dten\u00ed":"2 minuty"},"schema":{"@context":"https:\/\/schema.org","@graph":[{"@type":"WebPage","@id":"http:\/\/www.participativni-rozpocet.cz\/kolin\/aktuality\/vsechny-navrhy-jsou-zverejneny\/","url":"http:\/\/www.participativni-rozpocet.cz\/kolin\/aktuality\/vsechny-navrhy-jsou-zverejneny\/","name":"V\u0161echny n\u00e1vrhy jsou zve\u0159ejn\u011bny - je jich 73 - Kol\u00edn","isPartOf":{"@id":"https:\/\/www.participativni-rozpocet.cz\/kolin\/#website"},"primaryImageOfPage":{"@id":"http:\/\/www.participativni-rozpocet.cz\/kolin\/aktuality\/vsechny-navrhy-jsou-zverejneny\/#primaryimage"},"image":{"@id":"http:\/\/www.participativni-rozpocet.cz\/kolin\/aktuality\/vsechny-navrhy-jsou-zverejneny\/#primaryimage"},"thumbnailUrl":"http:\/\/www.participativni-rozpocet.cz\/kolin\/wp-content\/uploads\/sites\/60\/2025\/07\/proces-orgpad-2.png","datePublished":"2025-07-07T09:21:19+00:00","dateModified":"2025-07-07T11:34:17+00:00","breadcrumb":{"@id":"http:\/\/www.participativni-rozpocet.cz\/kolin\/aktuality\/vsechny-navrhy-jsou-zverejneny\/#breadcrumb"},"inLanguage":"cs","potentialAction":[{"@type":"ReadAction","target":["http:\/\/www.participativni-rozpocet.cz\/kolin\/aktuality\/vsechny-navrhy-jsou-zverejneny\/"]}]},{"@type":"ImageObject","inLanguage":"cs","@id":"http:\/\/www.participativni-rozpocet.cz\/kolin\/aktuality\/vsechny-navrhy-jsou-zverejneny\/#primaryimage","url":"http:\/\/www.participativni-rozpocet.cz\/kolin\/wp-content\/uploads\/sites\/60\/2025\/07\/proces-orgpad-2.png","contentUrl":"http:\/\/www.participativni-rozpocet.cz\/kolin\/wp-content\/uploads\/sites\/60\/2025\/07\/proces-orgpad-2.png","width":1350,"height":773},{"@type":"BreadcrumbList","@id":"http:\/\/www.participativni-rozpocet.cz\/kolin\/aktuality\/vsechny-navrhy-jsou-zverejneny\/#breadcrumb","itemListElement":[{"@type":"ListItem","position":1,"name":"Dom\u016f","item":"https:\/\/www.participativni-rozpocet.cz\/kolin\/"},{"@type":"ListItem","position":2,"name":"V\u0161echny n\u00e1vrhy jsou zve\u0159ejn\u011bny &#8211; je jich 73"}]},{"@type":"WebSite","@id":"https:\/\/www.participativni-rozpocet.cz\/kolin\/#website","url":"https:\/\/www.participativni-rozpocet.cz\/kolin\/","name":"Kol\u00edn","description":"Participativn\u00ed rozpo\u010det m\u011bsta","publisher":{"@id":"https:\/\/www.participativni-rozpocet.cz\/kolin\/#organization"},"potentialAction":[{"@type":"SearchAction","target":{"@type":"EntryPoint","urlTemplate":"https:\/\/www.participativni-rozpocet.cz\/kolin\/?s={search_term_string}"},"query-input":{"@type":"PropertyValueSpecification","valueRequired":true,"valueName":"search_term_string"}}],"inLanguage":"cs"},{"@type":"Organization","@id":"https:\/\/www.participativni-rozpocet.cz\/kolin\/#organization","name":"Kol\u00edn","url":"https:\/\/www.participativni-rozpocet.cz\/kolin\/","logo":{"@type":"ImageObject","inLanguage":"cs","@id":"https:\/\/www.participativni-rozpocet.cz\/kolin\/#\/schema\/logo\/image\/","url":"http:\/\/www.participativni-rozpocet.cz\/kolin\/wp-content\/uploads\/sites\/60\/2023\/03\/cropped-logo_kolin-02.png","contentUrl":"http:\/\/www.participativni-rozpocet.cz\/kolin\/wp-content\/uploads\/sites\/60\/2023\/03\/cropped-logo_kolin-02.png","width":4726,"height":1260,"caption":"Kol\u00edn"},"image":{"@id":"https:\/\/www.participativni-rozpocet.cz\/kolin\/#\/schema\/logo\/image\/"}}]}},"_links":{"self":[{"href":"http:\/\/www.participativni-rozpocet.cz\/kolin\/wp-json\/wp\/v2\/aktuality\/9338","targetHints":{"allow":["GET"]}}],"collection":[{"href":"http:\/\/www.participativni-rozpocet.cz\/kolin\/wp-json\/wp\/v2\/aktuality"}],"about":[{"href":"http:\/\/www.participativni-rozpocet.cz\/kolin\/wp-json\/wp\/v2\/types\/aktuality"}],"replies":[{"embeddable":true,"href":"http:\/\/www.participativni-rozpocet.cz\/kolin\/wp-json\/wp\/v2\/comments?post=9338"}],"wp:featuredmedia":[{"embeddable":true,"href":"http:\/\/www.participativni-rozpocet.cz\/kolin\/wp-json\/wp\/v2\/media\/9341"}],"wp:attachment":[{"href":"http:\/\/www.participativni-rozpocet.cz\/kolin\/wp-json\/wp\/v2\/media?parent=9338"}],"wp:term":[{"taxonomy":"druhy_aktualit","embeddable":true,"href":"http:\/\/www.participativni-rozpocet.cz\/kolin\/wp-json\/wp\/v2\/druhy_aktualit?post=9338"}],"curies":[{"name":"wp","href":"https:\/\/api.w.org\/{rel}","templated":true}]}}