{"id":8609,"date":"2025-02-24T10:42:30","date_gmt":"2025-02-24T09:42:30","guid":{"rendered":"https:\/\/www.participativni-rozpocet.cz\/kolin\/?post_type=aktuality&#038;p=8609"},"modified":"2025-04-14T09:16:06","modified_gmt":"2025-04-14T07:16:06","slug":"druhy-rocnik-se-blizi","status":"publish","type":"aktuality","link":"http:\/\/www.participativni-rozpocet.cz\/kolin\/aktuality\/druhy-rocnik-se-blizi\/","title":{"rendered":"2. ro\u010dn\u00edk se bl\u00ed\u017e\u00ed !"},"content":{"rendered":"<p>Chyst\u00e1me pro V\u00e1s NOV\u00dd ro\u010dn\u00edk participativn\u00edho rozpo\u010dtu. \u010casov\u00e9 sch\u00e9ma vypad\u00e1 stejn\u011b jako pro 1. ro\u010dn\u00edk &#8211; navrhovat budete na ja\u0159e 2025, nejsp\u00ed\u0161e v kv\u011btnu, a na podzim budete o n\u00e1vrz\u00edch hlasovat. V roce 2026 za\u010dne realizace odhlasovan\u00fdch n\u00e1vrh\u016f.<\/p>\n<p>Pravidla pro pod\u00e1v\u00e1n\u00ed n\u00e1vrh\u016f proch\u00e1zej\u00ed v sou\u010dasn\u00e9 dob\u011b reviz\u00ed, kter\u00e1 p\u0159inese jist\u00e9 zm\u011bny. Jednak v tom, kdo m\u016f\u017ee n\u00e1vrhy pod\u00e1vat, jednak v maxim\u00e1ln\u00ed \u010d\u00e1stce na 1 n\u00e1vrh.<\/p>\n<p>Z\u00e1rove\u0148 V\u00e1m chceme poskytnout inspiraci, jak mohou n\u00e1vrhy vypadat a \u010deho se mohou t\u00fdkat. A\u0165 u\u017e jde o <a href=\"https:\/\/www.participativni-rozpocet.cz\/tvorimedecin\/navrhy\/lesni-nadrze-pro-zadrzovani-vody-v-krajine\/\">\u017eivotn\u00ed prost\u0159ed\u00ed<\/a>, <a href=\"https:\/\/www.participativni-rozpocet.cz\/hostivice\/navrhy\/venkovni-stoly-na-stolni-tenis\/\">hry<\/a> nebo tzv. <a href=\"https:\/\/www.napadprosestku.cz\/napad\/divoke-lucni-kviti\/\">m\u011bkk\u00e9 n\u00e1vrhy<\/a>. M\u00e1te p\u0159\u00edklady z jin\u00fdch m\u011bst? <a href=\"eva.posikova@mukolin.cz\">Napi\u0161te n\u00e1m<\/a>. T\u011b\u0161\u00edme se na Va\u0161e n\u00e1vrhy a podn\u011bty.<\/p>\n<p>\/foto sochy v Hradci Kr\u00e1lov\u00e9, <a href=\"https:\/\/www.iprimacup.cz\/nova-cup-2017-odstartuje-vedle-vyznamne-sochy-cyklisty\/\">v\u00edce info<\/a>\/<\/p>\n<p>&nbsp;<\/p>\n","protected":false},"featured_media":8611,"menu_order":0,"comment_status":"open","ping_status":"closed","template":"","druhy_aktualit":[],"class_list":["post-8609","aktuality","type-aktuality","status-publish","has-post-thumbnail","hentry"],"acf":[],"yoast_head":"<!-- This site is optimized with the Yoast SEO plugin v24.2 - https:\/\/yoast.com\/wordpress\/plugins\/seo\/ -->\n<title>2. ro\u010dn\u00edk se bl\u00ed\u017e\u00ed ! - Kol\u00edn<\/title>\n<meta name=\"robots\" content=\"index, follow, max-snippet:-1, max-image-preview:large, max-video-preview:-1\" \/>\n<meta property=\"og:locale\" content=\"cs_CZ\" \/>\n<meta property=\"og:type\" content=\"article\" \/>\n<meta property=\"og:title\" content=\"2. ro\u010dn\u00edk se bl\u00ed\u017e\u00ed ! - Kol\u00edn\" \/>\n<meta property=\"og:description\" content=\"Chyst\u00e1me pro V\u00e1s NOV\u00dd ro\u010dn\u00edk participativn\u00edho rozpo\u010dtu. \u010casov\u00e9 sch\u00e9ma vypad\u00e1 stejn\u011b jako pro 1. ro\u010dn\u00edk &#8211; navrhovat budete na ja\u0159e 2025, nejsp\u00ed\u0161e v kv\u011btnu, a na podzim budete o n\u00e1vrz\u00edch hlasovat. V roce 2026 za\u010dne realizace odhlasovan\u00fdch n\u00e1vrh\u016f. Pravidla pro pod\u00e1v\u00e1n\u00ed n\u00e1vrh\u016f proch\u00e1zej\u00ed v sou\u010dasn\u00e9 dob\u011b reviz\u00ed, kter\u00e1 p\u0159inese jist\u00e9 zm\u011bny. Jednak v tom, kdo [&hellip;]\" \/>\n<meta property=\"og:url\" content=\"https:\/\/www.participativni-rozpocet.cz\/kolin\/aktuality\/druhy-rocnik-se-blizi\/\" \/>\n<meta property=\"og:site_name\" content=\"Kol\u00edn\" \/>\n<meta property=\"article:modified_time\" content=\"2025-04-14T07:16:06+00:00\" \/>\n<meta property=\"og:image\" content=\"https:\/\/www.participativni-rozpocet.cz\/kolin\/wp-content\/uploads\/sites\/60\/2025\/02\/IMG_2680-1-scaled.jpeg\" \/>\n\t<meta property=\"og:image:width\" content=\"2560\" \/>\n\t<meta property=\"og:image:height\" content=\"1920\" \/>\n\t<meta property=\"og:image:type\" content=\"image\/jpeg\" \/>\n<meta name=\"twitter:card\" content=\"summary_large_image\" \/>\n<meta name=\"twitter:label1\" content=\"Odhadovan\u00e1 doba \u010dten\u00ed\" \/>\n\t<meta name=\"twitter:data1\" content=\"1 minuta\" \/>\n<script type=\"application\/ld+json\" class=\"yoast-schema-graph\">{\"@context\":\"https:\/\/schema.org\",\"@graph\":[{\"@type\":\"WebPage\",\"@id\":\"https:\/\/www.participativni-rozpocet.cz\/kolin\/aktuality\/druhy-rocnik-se-blizi\/\",\"url\":\"https:\/\/www.participativni-rozpocet.cz\/kolin\/aktuality\/druhy-rocnik-se-blizi\/\",\"name\":\"2. ro\u010dn\u00edk se bl\u00ed\u017e\u00ed ! - Kol\u00edn\",\"isPartOf\":{\"@id\":\"https:\/\/www.participativni-rozpocet.cz\/kolin\/#website\"},\"primaryImageOfPage\":{\"@id\":\"https:\/\/www.participativni-rozpocet.cz\/kolin\/aktuality\/druhy-rocnik-se-blizi\/#primaryimage\"},\"image\":{\"@id\":\"https:\/\/www.participativni-rozpocet.cz\/kolin\/aktuality\/druhy-rocnik-se-blizi\/#primaryimage\"},\"thumbnailUrl\":\"http:\/\/www.participativni-rozpocet.cz\/kolin\/wp-content\/uploads\/sites\/60\/2025\/02\/IMG_2680-1-scaled.jpeg\",\"datePublished\":\"2025-02-24T09:42:30+00:00\",\"dateModified\":\"2025-04-14T07:16:06+00:00\",\"breadcrumb\":{\"@id\":\"https:\/\/www.participativni-rozpocet.cz\/kolin\/aktuality\/druhy-rocnik-se-blizi\/#breadcrumb\"},\"inLanguage\":\"cs\",\"potentialAction\":[{\"@type\":\"ReadAction\",\"target\":[\"https:\/\/www.participativni-rozpocet.cz\/kolin\/aktuality\/druhy-rocnik-se-blizi\/\"]}]},{\"@type\":\"ImageObject\",\"inLanguage\":\"cs\",\"@id\":\"https:\/\/www.participativni-rozpocet.cz\/kolin\/aktuality\/druhy-rocnik-se-blizi\/#primaryimage\",\"url\":\"http:\/\/www.participativni-rozpocet.cz\/kolin\/wp-content\/uploads\/sites\/60\/2025\/02\/IMG_2680-1-scaled.jpeg\",\"contentUrl\":\"http:\/\/www.participativni-rozpocet.cz\/kolin\/wp-content\/uploads\/sites\/60\/2025\/02\/IMG_2680-1-scaled.jpeg\",\"width\":2560,\"height\":1920},{\"@type\":\"BreadcrumbList\",\"@id\":\"https:\/\/www.participativni-rozpocet.cz\/kolin\/aktuality\/druhy-rocnik-se-blizi\/#breadcrumb\",\"itemListElement\":[{\"@type\":\"ListItem\",\"position\":1,\"name\":\"Dom\u016f\",\"item\":\"https:\/\/www.participativni-rozpocet.cz\/kolin\/\"},{\"@type\":\"ListItem\",\"position\":2,\"name\":\"2. ro\u010dn\u00edk se bl\u00ed\u017e\u00ed !\"}]},{\"@type\":\"WebSite\",\"@id\":\"https:\/\/www.participativni-rozpocet.cz\/kolin\/#website\",\"url\":\"https:\/\/www.participativni-rozpocet.cz\/kolin\/\",\"name\":\"Kol\u00edn\",\"description\":\"Participativn\u00ed rozpo\u010det m\u011bsta\",\"publisher\":{\"@id\":\"https:\/\/www.participativni-rozpocet.cz\/kolin\/#organization\"},\"potentialAction\":[{\"@type\":\"SearchAction\",\"target\":{\"@type\":\"EntryPoint\",\"urlTemplate\":\"https:\/\/www.participativni-rozpocet.cz\/kolin\/?s={search_term_string}\"},\"query-input\":{\"@type\":\"PropertyValueSpecification\",\"valueRequired\":true,\"valueName\":\"search_term_string\"}}],\"inLanguage\":\"cs\"},{\"@type\":\"Organization\",\"@id\":\"https:\/\/www.participativni-rozpocet.cz\/kolin\/#organization\",\"name\":\"Kol\u00edn\",\"url\":\"https:\/\/www.participativni-rozpocet.cz\/kolin\/\",\"logo\":{\"@type\":\"ImageObject\",\"inLanguage\":\"cs\",\"@id\":\"https:\/\/www.participativni-rozpocet.cz\/kolin\/#\/schema\/logo\/image\/\",\"url\":\"http:\/\/www.participativni-rozpocet.cz\/kolin\/wp-content\/uploads\/sites\/60\/2023\/03\/cropped-logo_kolin-02.png\",\"contentUrl\":\"http:\/\/www.participativni-rozpocet.cz\/kolin\/wp-content\/uploads\/sites\/60\/2023\/03\/cropped-logo_kolin-02.png\",\"width\":4726,\"height\":1260,\"caption\":\"Kol\u00edn\"},\"image\":{\"@id\":\"https:\/\/www.participativni-rozpocet.cz\/kolin\/#\/schema\/logo\/image\/\"}}]}<\/script>\n<!-- \/ Yoast SEO plugin. -->","yoast_head_json":{"title":"2. ro\u010dn\u00edk se bl\u00ed\u017e\u00ed ! - Kol\u00edn","robots":{"index":"index","follow":"follow","max-snippet":"max-snippet:-1","max-image-preview":"max-image-preview:large","max-video-preview":"max-video-preview:-1"},"og_locale":"cs_CZ","og_type":"article","og_title":"2. ro\u010dn\u00edk se bl\u00ed\u017e\u00ed ! - Kol\u00edn","og_description":"Chyst\u00e1me pro V\u00e1s NOV\u00dd ro\u010dn\u00edk participativn\u00edho rozpo\u010dtu. \u010casov\u00e9 sch\u00e9ma vypad\u00e1 stejn\u011b jako pro 1. ro\u010dn\u00edk &#8211; navrhovat budete na ja\u0159e 2025, nejsp\u00ed\u0161e v kv\u011btnu, a na podzim budete o n\u00e1vrz\u00edch hlasovat. V roce 2026 za\u010dne realizace odhlasovan\u00fdch n\u00e1vrh\u016f. Pravidla pro pod\u00e1v\u00e1n\u00ed n\u00e1vrh\u016f proch\u00e1zej\u00ed v sou\u010dasn\u00e9 dob\u011b reviz\u00ed, kter\u00e1 p\u0159inese jist\u00e9 zm\u011bny. Jednak v tom, kdo [&hellip;]","og_url":"https:\/\/www.participativni-rozpocet.cz\/kolin\/aktuality\/druhy-rocnik-se-blizi\/","og_site_name":"Kol\u00edn","article_modified_time":"2025-04-14T07:16:06+00:00","og_image":[{"width":2560,"height":1920,"url":"https:\/\/www.participativni-rozpocet.cz\/kolin\/wp-content\/uploads\/sites\/60\/2025\/02\/IMG_2680-1-scaled.jpeg","type":"image\/jpeg"}],"twitter_card":"summary_large_image","twitter_misc":{"Odhadovan\u00e1 doba \u010dten\u00ed":"1 minuta"},"schema":{"@context":"https:\/\/schema.org","@graph":[{"@type":"WebPage","@id":"https:\/\/www.participativni-rozpocet.cz\/kolin\/aktuality\/druhy-rocnik-se-blizi\/","url":"https:\/\/www.participativni-rozpocet.cz\/kolin\/aktuality\/druhy-rocnik-se-blizi\/","name":"2. ro\u010dn\u00edk se bl\u00ed\u017e\u00ed ! - Kol\u00edn","isPartOf":{"@id":"https:\/\/www.participativni-rozpocet.cz\/kolin\/#website"},"primaryImageOfPage":{"@id":"https:\/\/www.participativni-rozpocet.cz\/kolin\/aktuality\/druhy-rocnik-se-blizi\/#primaryimage"},"image":{"@id":"https:\/\/www.participativni-rozpocet.cz\/kolin\/aktuality\/druhy-rocnik-se-blizi\/#primaryimage"},"thumbnailUrl":"http:\/\/www.participativni-rozpocet.cz\/kolin\/wp-content\/uploads\/sites\/60\/2025\/02\/IMG_2680-1-scaled.jpeg","datePublished":"2025-02-24T09:42:30+00:00","dateModified":"2025-04-14T07:16:06+00:00","breadcrumb":{"@id":"https:\/\/www.participativni-rozpocet.cz\/kolin\/aktuality\/druhy-rocnik-se-blizi\/#breadcrumb"},"inLanguage":"cs","potentialAction":[{"@type":"ReadAction","target":["https:\/\/www.participativni-rozpocet.cz\/kolin\/aktuality\/druhy-rocnik-se-blizi\/"]}]},{"@type":"ImageObject","inLanguage":"cs","@id":"https:\/\/www.participativni-rozpocet.cz\/kolin\/aktuality\/druhy-rocnik-se-blizi\/#primaryimage","url":"http:\/\/www.participativni-rozpocet.cz\/kolin\/wp-content\/uploads\/sites\/60\/2025\/02\/IMG_2680-1-scaled.jpeg","contentUrl":"http:\/\/www.participativni-rozpocet.cz\/kolin\/wp-content\/uploads\/sites\/60\/2025\/02\/IMG_2680-1-scaled.jpeg","width":2560,"height":1920},{"@type":"BreadcrumbList","@id":"https:\/\/www.participativni-rozpocet.cz\/kolin\/aktuality\/druhy-rocnik-se-blizi\/#breadcrumb","itemListElement":[{"@type":"ListItem","position":1,"name":"Dom\u016f","item":"https:\/\/www.participativni-rozpocet.cz\/kolin\/"},{"@type":"ListItem","position":2,"name":"2. ro\u010dn\u00edk se bl\u00ed\u017e\u00ed !"}]},{"@type":"WebSite","@id":"https:\/\/www.participativni-rozpocet.cz\/kolin\/#website","url":"https:\/\/www.participativni-rozpocet.cz\/kolin\/","name":"Kol\u00edn","description":"Participativn\u00ed rozpo\u010det m\u011bsta","publisher":{"@id":"https:\/\/www.participativni-rozpocet.cz\/kolin\/#organization"},"potentialAction":[{"@type":"SearchAction","target":{"@type":"EntryPoint","urlTemplate":"https:\/\/www.participativni-rozpocet.cz\/kolin\/?s={search_term_string}"},"query-input":{"@type":"PropertyValueSpecification","valueRequired":true,"valueName":"search_term_string"}}],"inLanguage":"cs"},{"@type":"Organization","@id":"https:\/\/www.participativni-rozpocet.cz\/kolin\/#organization","name":"Kol\u00edn","url":"https:\/\/www.participativni-rozpocet.cz\/kolin\/","logo":{"@type":"ImageObject","inLanguage":"cs","@id":"https:\/\/www.participativni-rozpocet.cz\/kolin\/#\/schema\/logo\/image\/","url":"http:\/\/www.participativni-rozpocet.cz\/kolin\/wp-content\/uploads\/sites\/60\/2023\/03\/cropped-logo_kolin-02.png","contentUrl":"http:\/\/www.participativni-rozpocet.cz\/kolin\/wp-content\/uploads\/sites\/60\/2023\/03\/cropped-logo_kolin-02.png","width":4726,"height":1260,"caption":"Kol\u00edn"},"image":{"@id":"https:\/\/www.participativni-rozpocet.cz\/kolin\/#\/schema\/logo\/image\/"}}]}},"_links":{"self":[{"href":"http:\/\/www.participativni-rozpocet.cz\/kolin\/wp-json\/wp\/v2\/aktuality\/8609","targetHints":{"allow":["GET"]}}],"collection":[{"href":"http:\/\/www.participativni-rozpocet.cz\/kolin\/wp-json\/wp\/v2\/aktuality"}],"about":[{"href":"http:\/\/www.participativni-rozpocet.cz\/kolin\/wp-json\/wp\/v2\/types\/aktuality"}],"replies":[{"embeddable":true,"href":"http:\/\/www.participativni-rozpocet.cz\/kolin\/wp-json\/wp\/v2\/comments?post=8609"}],"wp:featuredmedia":[{"embeddable":true,"href":"http:\/\/www.participativni-rozpocet.cz\/kolin\/wp-json\/wp\/v2\/media\/8611"}],"wp:attachment":[{"href":"http:\/\/www.participativni-rozpocet.cz\/kolin\/wp-json\/wp\/v2\/media?parent=8609"}],"wp:term":[{"taxonomy":"druhy_aktualit","embeddable":true,"href":"http:\/\/www.participativni-rozpocet.cz\/kolin\/wp-json\/wp\/v2\/druhy_aktualit?post=8609"}],"curies":[{"name":"wp","href":"https:\/\/api.w.org\/{rel}","templated":true}]}}