{"id":7407,"date":"2023-04-11T10:50:40","date_gmt":"2023-04-11T08:50:40","guid":{"rendered":"https:\/\/www.participativni-rozpocet.cz\/kolin\/?post_type=aktuality&#038;p=7407"},"modified":"2023-04-17T09:10:29","modified_gmt":"2023-04-17T07:10:29","slug":"pojdte-se-dozvedet-vic","status":"publish","type":"aktuality","link":"http:\/\/www.participativni-rozpocet.cz\/kolin\/aktuality\/pojdte-se-dozvedet-vic\/","title":{"rendered":"Poj\u010fte se dozv\u011bd\u011bt v\u00edc."},"content":{"rendered":"<p><img fetchpriority=\"high\" decoding=\"async\" class=\"alignleft size-medium wp-image-7402\" src=\"https:\/\/www.participativni-rozpocet.cz\/kolin\/wp-content\/uploads\/sites\/60\/2023\/04\/pozvanka-verejnosturednici-300x169.png\" alt=\"pozv\u00e1nka\" width=\"300\" height=\"169\" srcset=\"http:\/\/www.participativni-rozpocet.cz\/kolin\/wp-content\/uploads\/sites\/60\/2023\/04\/pozvanka-verejnosturednici-300x169.png 300w, http:\/\/www.participativni-rozpocet.cz\/kolin\/wp-content\/uploads\/sites\/60\/2023\/04\/pozvanka-verejnosturednici-1024x576.png 1024w, http:\/\/www.participativni-rozpocet.cz\/kolin\/wp-content\/uploads\/sites\/60\/2023\/04\/pozvanka-verejnosturednici-768x432.png 768w, http:\/\/www.participativni-rozpocet.cz\/kolin\/wp-content\/uploads\/sites\/60\/2023\/04\/pozvanka-verejnosturednici-1536x864.png 1536w, http:\/\/www.participativni-rozpocet.cz\/kolin\/wp-content\/uploads\/sites\/60\/2023\/04\/pozvanka-verejnosturednici.png 1920w\" sizes=\"(max-width: 300px) 100vw, 300px\" \/>M\u00e1te n\u00e1pady? Chcete se pt\u00e1t? P\u0159ij\u010fte na ve\u0159ejn\u00e9 setk\u00e1n\u00ed, kde budou podobn\u011b nalad\u011bn\u00ed lid\u00e9 jako vy a tak\u00e9 veden\u00ed m\u011bsta, koordin\u00e1torka projektu, m\u011bstsk\u00fd architekt i vedouc\u00ed odboru investic.<\/p>\n<p>Kdy: 17. dubna v 16:30<\/p>\n<p>Kde: <a href=\"https:\/\/www.kolinzije.cz\/cerop-kolin\/os-1006\/p1=1009\">CEROP Kol\u00edn<\/a><\/p>\n<p>Svou \u00fa\u010dast p\u0159isl\u00edbili:<br \/>\nEli\u0161ka P\u00e1caltov\u00e1 (radn\u00ed)<br \/>\nVojt\u011bch \u010cern\u00fd (Agora CE)<br \/>\nEva Po\u0161\u00edkov\u00e1 (koordin\u00e1torka projektu)<br \/>\nDavid Mate\u00e1sko (m\u011bstsk\u00fd architekt)<br \/>\nMiroslav K\u00e1ninsk\u00fd (vedouc\u00ed odboru investic a \u00fazemn\u00edho pl\u00e1nov\u00e1n\u00ed)<\/p>\n","protected":false},"featured_media":7400,"menu_order":0,"comment_status":"open","ping_status":"closed","template":"","druhy_aktualit":[12],"class_list":["post-7407","aktuality","type-aktuality","status-publish","has-post-thumbnail","hentry","druhy_aktualit-pozvanka"],"acf":[],"yoast_head":"<!-- This site is optimized with the Yoast SEO plugin v24.2 - https:\/\/yoast.com\/wordpress\/plugins\/seo\/ -->\n<title>Poj\u010fte se dozv\u011bd\u011bt v\u00edc. - Kol\u00edn<\/title>\n<meta name=\"robots\" content=\"index, follow, max-snippet:-1, max-image-preview:large, max-video-preview:-1\" \/>\n<meta property=\"og:locale\" content=\"cs_CZ\" \/>\n<meta property=\"og:type\" content=\"article\" \/>\n<meta property=\"og:title\" content=\"Poj\u010fte se dozv\u011bd\u011bt v\u00edc. - Kol\u00edn\" \/>\n<meta property=\"og:description\" content=\"M\u00e1te n\u00e1pady? Chcete se pt\u00e1t? P\u0159ij\u010fte na ve\u0159ejn\u00e9 setk\u00e1n\u00ed, kde budou podobn\u011b nalad\u011bn\u00ed lid\u00e9 jako vy a tak\u00e9 veden\u00ed m\u011bsta, koordin\u00e1torka projektu, m\u011bstsk\u00fd architekt i vedouc\u00ed odboru investic. Kdy: 17. dubna v 16:30 Kde: CEROP Kol\u00edn Svou \u00fa\u010dast p\u0159isl\u00edbili: Eli\u0161ka P\u00e1caltov\u00e1 (radn\u00ed) Vojt\u011bch \u010cern\u00fd (Agora CE) Eva Po\u0161\u00edkov\u00e1 (koordin\u00e1torka projektu) David Mate\u00e1sko (m\u011bstsk\u00fd architekt) Miroslav [&hellip;]\" \/>\n<meta property=\"og:url\" content=\"http:\/\/www.participativni-rozpocet.cz\/kolin\/aktuality\/pojdte-se-dozvedet-vic\/\" \/>\n<meta property=\"og:site_name\" content=\"Kol\u00edn\" \/>\n<meta property=\"article:modified_time\" content=\"2023-04-17T07:10:29+00:00\" \/>\n<meta property=\"og:image\" content=\"http:\/\/www.participativni-rozpocet.cz\/kolin\/wp-content\/uploads\/sites\/60\/2023\/04\/debata_park_komenskeho-4480.jpg\" \/>\n\t<meta property=\"og:image:width\" content=\"1618\" \/>\n\t<meta property=\"og:image:height\" content=\"1080\" \/>\n\t<meta property=\"og:image:type\" content=\"image\/jpeg\" \/>\n<meta name=\"twitter:card\" content=\"summary_large_image\" \/>\n<script type=\"application\/ld+json\" class=\"yoast-schema-graph\">{\"@context\":\"https:\/\/schema.org\",\"@graph\":[{\"@type\":\"WebPage\",\"@id\":\"http:\/\/www.participativni-rozpocet.cz\/kolin\/aktuality\/pojdte-se-dozvedet-vic\/\",\"url\":\"http:\/\/www.participativni-rozpocet.cz\/kolin\/aktuality\/pojdte-se-dozvedet-vic\/\",\"name\":\"Poj\u010fte se dozv\u011bd\u011bt v\u00edc. - Kol\u00edn\",\"isPartOf\":{\"@id\":\"https:\/\/www.participativni-rozpocet.cz\/kolin\/#website\"},\"primaryImageOfPage\":{\"@id\":\"http:\/\/www.participativni-rozpocet.cz\/kolin\/aktuality\/pojdte-se-dozvedet-vic\/#primaryimage\"},\"image\":{\"@id\":\"http:\/\/www.participativni-rozpocet.cz\/kolin\/aktuality\/pojdte-se-dozvedet-vic\/#primaryimage\"},\"thumbnailUrl\":\"http:\/\/www.participativni-rozpocet.cz\/kolin\/wp-content\/uploads\/sites\/60\/2023\/04\/debata_park_komenskeho-4480.jpg\",\"datePublished\":\"2023-04-11T08:50:40+00:00\",\"dateModified\":\"2023-04-17T07:10:29+00:00\",\"breadcrumb\":{\"@id\":\"http:\/\/www.participativni-rozpocet.cz\/kolin\/aktuality\/pojdte-se-dozvedet-vic\/#breadcrumb\"},\"inLanguage\":\"cs\",\"potentialAction\":[{\"@type\":\"ReadAction\",\"target\":[\"http:\/\/www.participativni-rozpocet.cz\/kolin\/aktuality\/pojdte-se-dozvedet-vic\/\"]}]},{\"@type\":\"ImageObject\",\"inLanguage\":\"cs\",\"@id\":\"http:\/\/www.participativni-rozpocet.cz\/kolin\/aktuality\/pojdte-se-dozvedet-vic\/#primaryimage\",\"url\":\"http:\/\/www.participativni-rozpocet.cz\/kolin\/wp-content\/uploads\/sites\/60\/2023\/04\/debata_park_komenskeho-4480.jpg\",\"contentUrl\":\"http:\/\/www.participativni-rozpocet.cz\/kolin\/wp-content\/uploads\/sites\/60\/2023\/04\/debata_park_komenskeho-4480.jpg\",\"width\":1618,\"height\":1080},{\"@type\":\"BreadcrumbList\",\"@id\":\"http:\/\/www.participativni-rozpocet.cz\/kolin\/aktuality\/pojdte-se-dozvedet-vic\/#breadcrumb\",\"itemListElement\":[{\"@type\":\"ListItem\",\"position\":1,\"name\":\"Dom\u016f\",\"item\":\"https:\/\/www.participativni-rozpocet.cz\/kolin\/\"},{\"@type\":\"ListItem\",\"position\":2,\"name\":\"Poj\u010fte se dozv\u011bd\u011bt v\u00edc.\"}]},{\"@type\":\"WebSite\",\"@id\":\"https:\/\/www.participativni-rozpocet.cz\/kolin\/#website\",\"url\":\"https:\/\/www.participativni-rozpocet.cz\/kolin\/\",\"name\":\"Kol\u00edn\",\"description\":\"Participativn\u00ed rozpo\u010det m\u011bsta\",\"publisher\":{\"@id\":\"https:\/\/www.participativni-rozpocet.cz\/kolin\/#organization\"},\"potentialAction\":[{\"@type\":\"SearchAction\",\"target\":{\"@type\":\"EntryPoint\",\"urlTemplate\":\"https:\/\/www.participativni-rozpocet.cz\/kolin\/?s={search_term_string}\"},\"query-input\":{\"@type\":\"PropertyValueSpecification\",\"valueRequired\":true,\"valueName\":\"search_term_string\"}}],\"inLanguage\":\"cs\"},{\"@type\":\"Organization\",\"@id\":\"https:\/\/www.participativni-rozpocet.cz\/kolin\/#organization\",\"name\":\"Kol\u00edn\",\"url\":\"https:\/\/www.participativni-rozpocet.cz\/kolin\/\",\"logo\":{\"@type\":\"ImageObject\",\"inLanguage\":\"cs\",\"@id\":\"https:\/\/www.participativni-rozpocet.cz\/kolin\/#\/schema\/logo\/image\/\",\"url\":\"http:\/\/www.participativni-rozpocet.cz\/kolin\/wp-content\/uploads\/sites\/60\/2023\/03\/cropped-logo_kolin-02.png\",\"contentUrl\":\"http:\/\/www.participativni-rozpocet.cz\/kolin\/wp-content\/uploads\/sites\/60\/2023\/03\/cropped-logo_kolin-02.png\",\"width\":4726,\"height\":1260,\"caption\":\"Kol\u00edn\"},\"image\":{\"@id\":\"https:\/\/www.participativni-rozpocet.cz\/kolin\/#\/schema\/logo\/image\/\"}}]}<\/script>\n<!-- \/ Yoast SEO plugin. -->","yoast_head_json":{"title":"Poj\u010fte se dozv\u011bd\u011bt v\u00edc. - Kol\u00edn","robots":{"index":"index","follow":"follow","max-snippet":"max-snippet:-1","max-image-preview":"max-image-preview:large","max-video-preview":"max-video-preview:-1"},"og_locale":"cs_CZ","og_type":"article","og_title":"Poj\u010fte se dozv\u011bd\u011bt v\u00edc. - Kol\u00edn","og_description":"M\u00e1te n\u00e1pady? Chcete se pt\u00e1t? P\u0159ij\u010fte na ve\u0159ejn\u00e9 setk\u00e1n\u00ed, kde budou podobn\u011b nalad\u011bn\u00ed lid\u00e9 jako vy a tak\u00e9 veden\u00ed m\u011bsta, koordin\u00e1torka projektu, m\u011bstsk\u00fd architekt i vedouc\u00ed odboru investic. Kdy: 17. dubna v 16:30 Kde: CEROP Kol\u00edn Svou \u00fa\u010dast p\u0159isl\u00edbili: Eli\u0161ka P\u00e1caltov\u00e1 (radn\u00ed) Vojt\u011bch \u010cern\u00fd (Agora CE) Eva Po\u0161\u00edkov\u00e1 (koordin\u00e1torka projektu) David Mate\u00e1sko (m\u011bstsk\u00fd architekt) Miroslav [&hellip;]","og_url":"http:\/\/www.participativni-rozpocet.cz\/kolin\/aktuality\/pojdte-se-dozvedet-vic\/","og_site_name":"Kol\u00edn","article_modified_time":"2023-04-17T07:10:29+00:00","og_image":[{"width":1618,"height":1080,"url":"http:\/\/www.participativni-rozpocet.cz\/kolin\/wp-content\/uploads\/sites\/60\/2023\/04\/debata_park_komenskeho-4480.jpg","type":"image\/jpeg"}],"twitter_card":"summary_large_image","schema":{"@context":"https:\/\/schema.org","@graph":[{"@type":"WebPage","@id":"http:\/\/www.participativni-rozpocet.cz\/kolin\/aktuality\/pojdte-se-dozvedet-vic\/","url":"http:\/\/www.participativni-rozpocet.cz\/kolin\/aktuality\/pojdte-se-dozvedet-vic\/","name":"Poj\u010fte se dozv\u011bd\u011bt v\u00edc. - Kol\u00edn","isPartOf":{"@id":"https:\/\/www.participativni-rozpocet.cz\/kolin\/#website"},"primaryImageOfPage":{"@id":"http:\/\/www.participativni-rozpocet.cz\/kolin\/aktuality\/pojdte-se-dozvedet-vic\/#primaryimage"},"image":{"@id":"http:\/\/www.participativni-rozpocet.cz\/kolin\/aktuality\/pojdte-se-dozvedet-vic\/#primaryimage"},"thumbnailUrl":"http:\/\/www.participativni-rozpocet.cz\/kolin\/wp-content\/uploads\/sites\/60\/2023\/04\/debata_park_komenskeho-4480.jpg","datePublished":"2023-04-11T08:50:40+00:00","dateModified":"2023-04-17T07:10:29+00:00","breadcrumb":{"@id":"http:\/\/www.participativni-rozpocet.cz\/kolin\/aktuality\/pojdte-se-dozvedet-vic\/#breadcrumb"},"inLanguage":"cs","potentialAction":[{"@type":"ReadAction","target":["http:\/\/www.participativni-rozpocet.cz\/kolin\/aktuality\/pojdte-se-dozvedet-vic\/"]}]},{"@type":"ImageObject","inLanguage":"cs","@id":"http:\/\/www.participativni-rozpocet.cz\/kolin\/aktuality\/pojdte-se-dozvedet-vic\/#primaryimage","url":"http:\/\/www.participativni-rozpocet.cz\/kolin\/wp-content\/uploads\/sites\/60\/2023\/04\/debata_park_komenskeho-4480.jpg","contentUrl":"http:\/\/www.participativni-rozpocet.cz\/kolin\/wp-content\/uploads\/sites\/60\/2023\/04\/debata_park_komenskeho-4480.jpg","width":1618,"height":1080},{"@type":"BreadcrumbList","@id":"http:\/\/www.participativni-rozpocet.cz\/kolin\/aktuality\/pojdte-se-dozvedet-vic\/#breadcrumb","itemListElement":[{"@type":"ListItem","position":1,"name":"Dom\u016f","item":"https:\/\/www.participativni-rozpocet.cz\/kolin\/"},{"@type":"ListItem","position":2,"name":"Poj\u010fte se dozv\u011bd\u011bt v\u00edc."}]},{"@type":"WebSite","@id":"https:\/\/www.participativni-rozpocet.cz\/kolin\/#website","url":"https:\/\/www.participativni-rozpocet.cz\/kolin\/","name":"Kol\u00edn","description":"Participativn\u00ed rozpo\u010det m\u011bsta","publisher":{"@id":"https:\/\/www.participativni-rozpocet.cz\/kolin\/#organization"},"potentialAction":[{"@type":"SearchAction","target":{"@type":"EntryPoint","urlTemplate":"https:\/\/www.participativni-rozpocet.cz\/kolin\/?s={search_term_string}"},"query-input":{"@type":"PropertyValueSpecification","valueRequired":true,"valueName":"search_term_string"}}],"inLanguage":"cs"},{"@type":"Organization","@id":"https:\/\/www.participativni-rozpocet.cz\/kolin\/#organization","name":"Kol\u00edn","url":"https:\/\/www.participativni-rozpocet.cz\/kolin\/","logo":{"@type":"ImageObject","inLanguage":"cs","@id":"https:\/\/www.participativni-rozpocet.cz\/kolin\/#\/schema\/logo\/image\/","url":"http:\/\/www.participativni-rozpocet.cz\/kolin\/wp-content\/uploads\/sites\/60\/2023\/03\/cropped-logo_kolin-02.png","contentUrl":"http:\/\/www.participativni-rozpocet.cz\/kolin\/wp-content\/uploads\/sites\/60\/2023\/03\/cropped-logo_kolin-02.png","width":4726,"height":1260,"caption":"Kol\u00edn"},"image":{"@id":"https:\/\/www.participativni-rozpocet.cz\/kolin\/#\/schema\/logo\/image\/"}}]}},"_links":{"self":[{"href":"http:\/\/www.participativni-rozpocet.cz\/kolin\/wp-json\/wp\/v2\/aktuality\/7407","targetHints":{"allow":["GET"]}}],"collection":[{"href":"http:\/\/www.participativni-rozpocet.cz\/kolin\/wp-json\/wp\/v2\/aktuality"}],"about":[{"href":"http:\/\/www.participativni-rozpocet.cz\/kolin\/wp-json\/wp\/v2\/types\/aktuality"}],"replies":[{"embeddable":true,"href":"http:\/\/www.participativni-rozpocet.cz\/kolin\/wp-json\/wp\/v2\/comments?post=7407"}],"wp:featuredmedia":[{"embeddable":true,"href":"http:\/\/www.participativni-rozpocet.cz\/kolin\/wp-json\/wp\/v2\/media\/7400"}],"wp:attachment":[{"href":"http:\/\/www.participativni-rozpocet.cz\/kolin\/wp-json\/wp\/v2\/media?parent=7407"}],"wp:term":[{"taxonomy":"druhy_aktualit","embeddable":true,"href":"http:\/\/www.participativni-rozpocet.cz\/kolin\/wp-json\/wp\/v2\/druhy_aktualit?post=7407"}],"curies":[{"name":"wp","href":"https:\/\/api.w.org\/{rel}","templated":true}]}}