{"id":7256,"date":"2022-03-16T11:47:24","date_gmt":"2022-03-16T10:47:24","guid":{"rendered":"https:\/\/www.participativni-rozpocet.cz\/ceskybrod\/?post_type=navrhy&#038;p=7256"},"modified":"2022-04-29T11:43:06","modified_gmt":"2022-04-29T09:43:06","slug":"novy-kabat-pro-stare-kvetinace","status":"publish","type":"navrhy","link":"http:\/\/www.participativni-rozpocet.cz\/ceskybrod\/navrhy\/novy-kabat-pro-stare-kvetinace\/","title":{"rendered":"Nov\u00fd kab\u00e1t pro star\u00e9 kv\u011btin\u00e1\u010de"},"featured_media":7251,"comment_status":"open","ping_status":"closed","template":"","meta":{"_acf_changed":false},"status_navrhu":[29],"rocnik":[83],"class_list":["post-7256","navrhy","type-navrhy","status-publish","has-post-thumbnail","hentry","status_navrhu-realizovatelne","rocnik-83"],"acf":[],"yoast_head":"<!-- This site is optimized with the Yoast SEO plugin v24.2 - https:\/\/yoast.com\/wordpress\/plugins\/seo\/ -->\n<title>Nov\u00fd kab\u00e1t pro star\u00e9 kv\u011btin\u00e1\u010de - \u010cesk\u00fd Brod - Bro\u010f\u00e1ci Brodu<\/title>\n<meta name=\"robots\" content=\"index, follow, max-snippet:-1, max-image-preview:large, max-video-preview:-1\" \/>\n<meta property=\"og:locale\" content=\"cs_CZ\" \/>\n<meta property=\"og:type\" content=\"article\" \/>\n<meta property=\"og:title\" content=\"Nov\u00fd kab\u00e1t pro star\u00e9 kv\u011btin\u00e1\u010de - \u010cesk\u00fd Brod - Bro\u010f\u00e1ci Brodu\" \/>\n<meta property=\"og:description\" content=\"Ve m\u011bst\u011b m\u00e1me k dispozici cca 30 betonov\u00fdch kv\u011btin\u00e1\u010d\u016f, kter\u00e9 zde slou\u017e\u00ed p\u0159ibli\u017en\u011b 30 &#8211; 35 let. O v\u00fdsadbu se staraj\u00ed Technick\u00e9 slu\u017eby m\u011bsta, av\u0161ak vhled kv\u011btin\u00e1\u010d\u016f nen\u00ed v\u00e1bn\u00fd. Navrhuji kv\u011btin\u00e1\u010de ponechat tam, kde se osv\u011bd\u010dily. D\u00e1le kv\u011btin\u00e1\u010de o\u010distit, nat\u0159\u00edt venkovn\u00ed fas\u00e1dn\u00ed barvou, kter\u00e1 by byla jednotn\u00e1 a odpov\u00eddala charakteru poloze um\u00edstn\u011bn\u00ed.\" \/>\n<meta property=\"og:url\" content=\"http:\/\/www.participativni-rozpocet.cz\/ceskybrod\/navrhy\/novy-kabat-pro-stare-kvetinace\/\" \/>\n<meta property=\"og:site_name\" content=\"\u010cesk\u00fd Brod - Bro\u010f\u00e1ci Brodu\" \/>\n<meta property=\"article:modified_time\" content=\"2022-04-29T09:43:06+00:00\" \/>\n<meta property=\"og:image\" content=\"http:\/\/www.participativni-rozpocet.cz\/ceskybrod\/wp-content\/uploads\/sites\/44\/2022\/03\/kvetinac-2-scaled.jpg\" \/>\n\t<meta property=\"og:image:width\" content=\"2312\" \/>\n\t<meta property=\"og:image:height\" content=\"2560\" \/>\n\t<meta property=\"og:image:type\" content=\"image\/jpeg\" \/>\n<meta name=\"twitter:card\" content=\"summary_large_image\" \/>\n<script type=\"application\/ld+json\" class=\"yoast-schema-graph\">{\"@context\":\"https:\/\/schema.org\",\"@graph\":[{\"@type\":\"WebPage\",\"@id\":\"http:\/\/www.participativni-rozpocet.cz\/ceskybrod\/navrhy\/novy-kabat-pro-stare-kvetinace\/\",\"url\":\"http:\/\/www.participativni-rozpocet.cz\/ceskybrod\/navrhy\/novy-kabat-pro-stare-kvetinace\/\",\"name\":\"Nov\u00fd kab\u00e1t pro star\u00e9 kv\u011btin\u00e1\u010de - \u010cesk\u00fd Brod - Bro\u010f\u00e1ci Brodu\",\"isPartOf\":{\"@id\":\"https:\/\/www.participativni-rozpocet.cz\/ceskybrod\/#website\"},\"primaryImageOfPage\":{\"@id\":\"http:\/\/www.participativni-rozpocet.cz\/ceskybrod\/navrhy\/novy-kabat-pro-stare-kvetinace\/#primaryimage\"},\"image\":{\"@id\":\"http:\/\/www.participativni-rozpocet.cz\/ceskybrod\/navrhy\/novy-kabat-pro-stare-kvetinace\/#primaryimage\"},\"thumbnailUrl\":\"http:\/\/www.participativni-rozpocet.cz\/ceskybrod\/wp-content\/uploads\/sites\/44\/2022\/03\/kvetinac-2-scaled.jpg\",\"datePublished\":\"2022-03-16T10:47:24+00:00\",\"dateModified\":\"2022-04-29T09:43:06+00:00\",\"breadcrumb\":{\"@id\":\"http:\/\/www.participativni-rozpocet.cz\/ceskybrod\/navrhy\/novy-kabat-pro-stare-kvetinace\/#breadcrumb\"},\"inLanguage\":\"cs\",\"potentialAction\":[{\"@type\":\"ReadAction\",\"target\":[\"http:\/\/www.participativni-rozpocet.cz\/ceskybrod\/navrhy\/novy-kabat-pro-stare-kvetinace\/\"]}]},{\"@type\":\"ImageObject\",\"inLanguage\":\"cs\",\"@id\":\"http:\/\/www.participativni-rozpocet.cz\/ceskybrod\/navrhy\/novy-kabat-pro-stare-kvetinace\/#primaryimage\",\"url\":\"http:\/\/www.participativni-rozpocet.cz\/ceskybrod\/wp-content\/uploads\/sites\/44\/2022\/03\/kvetinac-2-scaled.jpg\",\"contentUrl\":\"http:\/\/www.participativni-rozpocet.cz\/ceskybrod\/wp-content\/uploads\/sites\/44\/2022\/03\/kvetinac-2-scaled.jpg\",\"width\":2312,\"height\":2560},{\"@type\":\"BreadcrumbList\",\"@id\":\"http:\/\/www.participativni-rozpocet.cz\/ceskybrod\/navrhy\/novy-kabat-pro-stare-kvetinace\/#breadcrumb\",\"itemListElement\":[{\"@type\":\"ListItem\",\"position\":1,\"name\":\"Dom\u016f\",\"item\":\"https:\/\/www.participativni-rozpocet.cz\/ceskybrod\/\"},{\"@type\":\"ListItem\",\"position\":2,\"name\":\"N\u00e1vrhy\",\"item\":\"https:\/\/www.participativni-rozpocet.cz\/ceskybrod\/navrhy\/\"},{\"@type\":\"ListItem\",\"position\":3,\"name\":\"Nov\u00fd kab\u00e1t pro star\u00e9 kv\u011btin\u00e1\u010de\"}]},{\"@type\":\"WebSite\",\"@id\":\"https:\/\/www.participativni-rozpocet.cz\/ceskybrod\/#website\",\"url\":\"https:\/\/www.participativni-rozpocet.cz\/ceskybrod\/\",\"name\":\"\u010cesk\u00fd Brod - Bro\u010f\u00e1ci Brodu\",\"description\":\"str\u00e1nka p\u0159edstavuje participativn\u00ed rozpo\u010det m\u011bsta \u010cesk\u00fd Brod a umo\u017e\u0148uje p\u0159in\u00e9st vlastn\u00ed n\u00e1vrh, sezn\u00e1mit se s n\u00e1vrhy ostatn\u00edch obyvatel \u010di o nich hlasovat.\",\"publisher\":{\"@id\":\"https:\/\/www.participativni-rozpocet.cz\/ceskybrod\/#organization\"},\"potentialAction\":[{\"@type\":\"SearchAction\",\"target\":{\"@type\":\"EntryPoint\",\"urlTemplate\":\"https:\/\/www.participativni-rozpocet.cz\/ceskybrod\/?s={search_term_string}\"},\"query-input\":{\"@type\":\"PropertyValueSpecification\",\"valueRequired\":true,\"valueName\":\"search_term_string\"}}],\"inLanguage\":\"cs\"},{\"@type\":\"Organization\",\"@id\":\"https:\/\/www.participativni-rozpocet.cz\/ceskybrod\/#organization\",\"name\":\"\u010cesk\u00fd Brod - Bro\u010f\u00e1ci Brodu\",\"url\":\"https:\/\/www.participativni-rozpocet.cz\/ceskybrod\/\",\"logo\":{\"@type\":\"ImageObject\",\"inLanguage\":\"cs\",\"@id\":\"https:\/\/www.participativni-rozpocet.cz\/ceskybrod\/#\/schema\/logo\/image\/\",\"url\":\"http:\/\/www.participativni-rozpocet.cz\/ceskybrod\/wp-content\/uploads\/sites\/44\/2020\/12\/logo_header-3.png\",\"contentUrl\":\"http:\/\/www.participativni-rozpocet.cz\/ceskybrod\/wp-content\/uploads\/sites\/44\/2020\/12\/logo_header-3.png\",\"width\":433,\"height\":200,\"caption\":\"\u010cesk\u00fd Brod - Bro\u010f\u00e1ci Brodu\"},\"image\":{\"@id\":\"https:\/\/www.participativni-rozpocet.cz\/ceskybrod\/#\/schema\/logo\/image\/\"}}]}<\/script>\n<!-- \/ Yoast SEO plugin. -->","yoast_head_json":{"title":"Nov\u00fd kab\u00e1t pro star\u00e9 kv\u011btin\u00e1\u010de - \u010cesk\u00fd Brod - Bro\u010f\u00e1ci Brodu","robots":{"index":"index","follow":"follow","max-snippet":"max-snippet:-1","max-image-preview":"max-image-preview:large","max-video-preview":"max-video-preview:-1"},"og_locale":"cs_CZ","og_type":"article","og_title":"Nov\u00fd kab\u00e1t pro star\u00e9 kv\u011btin\u00e1\u010de - \u010cesk\u00fd Brod - Bro\u010f\u00e1ci Brodu","og_description":"Ve m\u011bst\u011b m\u00e1me k dispozici cca 30 betonov\u00fdch kv\u011btin\u00e1\u010d\u016f, kter\u00e9 zde slou\u017e\u00ed p\u0159ibli\u017en\u011b 30 &#8211; 35 let. O v\u00fdsadbu se staraj\u00ed Technick\u00e9 slu\u017eby m\u011bsta, av\u0161ak vhled kv\u011btin\u00e1\u010d\u016f nen\u00ed v\u00e1bn\u00fd. Navrhuji kv\u011btin\u00e1\u010de ponechat tam, kde se osv\u011bd\u010dily. D\u00e1le kv\u011btin\u00e1\u010de o\u010distit, nat\u0159\u00edt venkovn\u00ed fas\u00e1dn\u00ed barvou, kter\u00e1 by byla jednotn\u00e1 a odpov\u00eddala charakteru poloze um\u00edstn\u011bn\u00ed.","og_url":"http:\/\/www.participativni-rozpocet.cz\/ceskybrod\/navrhy\/novy-kabat-pro-stare-kvetinace\/","og_site_name":"\u010cesk\u00fd Brod - Bro\u010f\u00e1ci Brodu","article_modified_time":"2022-04-29T09:43:06+00:00","og_image":[{"width":2312,"height":2560,"url":"http:\/\/www.participativni-rozpocet.cz\/ceskybrod\/wp-content\/uploads\/sites\/44\/2022\/03\/kvetinac-2-scaled.jpg","type":"image\/jpeg"}],"twitter_card":"summary_large_image","schema":{"@context":"https:\/\/schema.org","@graph":[{"@type":"WebPage","@id":"http:\/\/www.participativni-rozpocet.cz\/ceskybrod\/navrhy\/novy-kabat-pro-stare-kvetinace\/","url":"http:\/\/www.participativni-rozpocet.cz\/ceskybrod\/navrhy\/novy-kabat-pro-stare-kvetinace\/","name":"Nov\u00fd kab\u00e1t pro star\u00e9 kv\u011btin\u00e1\u010de - \u010cesk\u00fd Brod - Bro\u010f\u00e1ci Brodu","isPartOf":{"@id":"https:\/\/www.participativni-rozpocet.cz\/ceskybrod\/#website"},"primaryImageOfPage":{"@id":"http:\/\/www.participativni-rozpocet.cz\/ceskybrod\/navrhy\/novy-kabat-pro-stare-kvetinace\/#primaryimage"},"image":{"@id":"http:\/\/www.participativni-rozpocet.cz\/ceskybrod\/navrhy\/novy-kabat-pro-stare-kvetinace\/#primaryimage"},"thumbnailUrl":"http:\/\/www.participativni-rozpocet.cz\/ceskybrod\/wp-content\/uploads\/sites\/44\/2022\/03\/kvetinac-2-scaled.jpg","datePublished":"2022-03-16T10:47:24+00:00","dateModified":"2022-04-29T09:43:06+00:00","breadcrumb":{"@id":"http:\/\/www.participativni-rozpocet.cz\/ceskybrod\/navrhy\/novy-kabat-pro-stare-kvetinace\/#breadcrumb"},"inLanguage":"cs","potentialAction":[{"@type":"ReadAction","target":["http:\/\/www.participativni-rozpocet.cz\/ceskybrod\/navrhy\/novy-kabat-pro-stare-kvetinace\/"]}]},{"@type":"ImageObject","inLanguage":"cs","@id":"http:\/\/www.participativni-rozpocet.cz\/ceskybrod\/navrhy\/novy-kabat-pro-stare-kvetinace\/#primaryimage","url":"http:\/\/www.participativni-rozpocet.cz\/ceskybrod\/wp-content\/uploads\/sites\/44\/2022\/03\/kvetinac-2-scaled.jpg","contentUrl":"http:\/\/www.participativni-rozpocet.cz\/ceskybrod\/wp-content\/uploads\/sites\/44\/2022\/03\/kvetinac-2-scaled.jpg","width":2312,"height":2560},{"@type":"BreadcrumbList","@id":"http:\/\/www.participativni-rozpocet.cz\/ceskybrod\/navrhy\/novy-kabat-pro-stare-kvetinace\/#breadcrumb","itemListElement":[{"@type":"ListItem","position":1,"name":"Dom\u016f","item":"https:\/\/www.participativni-rozpocet.cz\/ceskybrod\/"},{"@type":"ListItem","position":2,"name":"N\u00e1vrhy","item":"https:\/\/www.participativni-rozpocet.cz\/ceskybrod\/navrhy\/"},{"@type":"ListItem","position":3,"name":"Nov\u00fd kab\u00e1t pro star\u00e9 kv\u011btin\u00e1\u010de"}]},{"@type":"WebSite","@id":"https:\/\/www.participativni-rozpocet.cz\/ceskybrod\/#website","url":"https:\/\/www.participativni-rozpocet.cz\/ceskybrod\/","name":"\u010cesk\u00fd Brod - Bro\u010f\u00e1ci Brodu","description":"str\u00e1nka p\u0159edstavuje participativn\u00ed rozpo\u010det m\u011bsta \u010cesk\u00fd Brod a umo\u017e\u0148uje p\u0159in\u00e9st vlastn\u00ed n\u00e1vrh, sezn\u00e1mit se s n\u00e1vrhy ostatn\u00edch obyvatel \u010di o nich hlasovat.","publisher":{"@id":"https:\/\/www.participativni-rozpocet.cz\/ceskybrod\/#organization"},"potentialAction":[{"@type":"SearchAction","target":{"@type":"EntryPoint","urlTemplate":"https:\/\/www.participativni-rozpocet.cz\/ceskybrod\/?s={search_term_string}"},"query-input":{"@type":"PropertyValueSpecification","valueRequired":true,"valueName":"search_term_string"}}],"inLanguage":"cs"},{"@type":"Organization","@id":"https:\/\/www.participativni-rozpocet.cz\/ceskybrod\/#organization","name":"\u010cesk\u00fd Brod - Bro\u010f\u00e1ci Brodu","url":"https:\/\/www.participativni-rozpocet.cz\/ceskybrod\/","logo":{"@type":"ImageObject","inLanguage":"cs","@id":"https:\/\/www.participativni-rozpocet.cz\/ceskybrod\/#\/schema\/logo\/image\/","url":"http:\/\/www.participativni-rozpocet.cz\/ceskybrod\/wp-content\/uploads\/sites\/44\/2020\/12\/logo_header-3.png","contentUrl":"http:\/\/www.participativni-rozpocet.cz\/ceskybrod\/wp-content\/uploads\/sites\/44\/2020\/12\/logo_header-3.png","width":433,"height":200,"caption":"\u010cesk\u00fd Brod - Bro\u010f\u00e1ci Brodu"},"image":{"@id":"https:\/\/www.participativni-rozpocet.cz\/ceskybrod\/#\/schema\/logo\/image\/"}}]}},"_links":{"self":[{"href":"http:\/\/www.participativni-rozpocet.cz\/ceskybrod\/wp-json\/wp\/v2\/navrhy\/7256","targetHints":{"allow":["GET"]}}],"collection":[{"href":"http:\/\/www.participativni-rozpocet.cz\/ceskybrod\/wp-json\/wp\/v2\/navrhy"}],"about":[{"href":"http:\/\/www.participativni-rozpocet.cz\/ceskybrod\/wp-json\/wp\/v2\/types\/navrhy"}],"replies":[{"embeddable":true,"href":"http:\/\/www.participativni-rozpocet.cz\/ceskybrod\/wp-json\/wp\/v2\/comments?post=7256"}],"wp:featuredmedia":[{"embeddable":true,"href":"http:\/\/www.participativni-rozpocet.cz\/ceskybrod\/wp-json\/wp\/v2\/media\/7251"}],"wp:attachment":[{"href":"http:\/\/www.participativni-rozpocet.cz\/ceskybrod\/wp-json\/wp\/v2\/media?parent=7256"}],"wp:term":[{"taxonomy":"status_navrhu","embeddable":true,"href":"http:\/\/www.participativni-rozpocet.cz\/ceskybrod\/wp-json\/wp\/v2\/status_navrhu?post=7256"},{"taxonomy":"rocnik","embeddable":true,"href":"http:\/\/www.participativni-rozpocet.cz\/ceskybrod\/wp-json\/wp\/v2\/rocnik?post=7256"}],"curies":[{"name":"wp","href":"https:\/\/api.w.org\/{rel}","templated":true}]}}